{"id":97611,"date":"2024-08-29T09:39:16","date_gmt":"2024-08-29T07:39:16","guid":{"rendered":"http:\/\/www.sysdil.es.mialias.net\/?page_id=97611"},"modified":"2024-09-26T08:30:09","modified_gmt":"2024-09-26T06:30:09","slug":"trabalho-realizado","status":"publish","type":"page","link":"https:\/\/sysdil.es\/pt-pt\/trabalho-realizado\/","title":{"rendered":"Trabalho realizado"},"content":{"rendered":"<p><div class=\"fusion-fullwidth fullwidth-box fusion-builder-row-1 fusion-flex-container nonhundred-percent-fullwidth non-hundred-percent-height-scrolling\" style=\"--awb-border-radius-top-left:0px;--awb-border-radius-top-right:0px;--awb-border-radius-bottom-right:0px;--awb-border-radius-bottom-left:0px;--awb-padding-bottom:6%;--awb-flex-wrap:wrap;\" ><div class=\"fusion-builder-row fusion-row fusion-flex-align-items-flex-start fusion-flex-content-wrap\" style=\"max-width:calc( 1325px + 0px );margin-left: calc(-0px \/ 2 );margin-right: calc(-0px \/ 2 );\"><div class=\"fusion-layout-column fusion_builder_column fusion-builder-column-0 fusion_builder_column_1_1 1_1 fusion-flex-column fusion-animated\" style=\"--awb-bg-size:cover;--awb-width-large:100%;--awb-margin-top-large:0px;--awb-spacing-right-large:0px;--awb-margin-bottom-large:0px;--awb-spacing-left-large:0px;--awb-width-medium:100%;--awb-spacing-right-medium:0px;--awb-spacing-left-medium:0px;--awb-width-small:100%;--awb-spacing-right-small:0px;--awb-spacing-left-small:0px;\" data-animationType=\"fadeInUp\" data-animationDuration=\"1.0\" data-animationOffset=\"top-into-view\"><div class=\"fusion-column-wrapper fusion-column-has-shadow fusion-flex-justify-content-flex-start fusion-content-layout-column\"><div class=\"fusion-tagcloud-element fusion-tagcloud-1 \" style=\"--awb-alignment:flex-start;--awb-tags-spacing:10px;--tag-color:var(--awb-color4);--tag-text-color:hsla(var(--awb-color1-h),var(--awb-color1-s),var(--awb-color1-l),calc(var(--awb-color1-a) - 20%));--tag-border-color:rgba(6,6,7,0);--tag-color-hover:var(--awb-color5);--tag-text-color-hover:var(--awb-color1);--tag-border-color-hover:rgba(30,172,199,0);\"><a href=\"https:\/\/sysdil.es\/pt-pt\/tag\/catalunya-pt-pt\/\" class=\"tag-cloud-link tag-link-219 tag-link-position-1\" aria-label=\"Catalunya (5 itens)\">Catalunya<\/a>\n<a href=\"https:\/\/sysdil.es\/pt-pt\/tag\/andalucia-pt-pt\/\" class=\"tag-cloud-link tag-link-209 tag-link-position-2\" aria-label=\"Andaluc\u00eda (4 itens)\">Andaluc\u00eda<\/a>\n<a href=\"https:\/\/sysdil.es\/pt-pt\/tag\/valencia-pt-pt\/\" class=\"tag-cloud-link tag-link-214 tag-link-position-3\" aria-label=\"Valencia (4 itens)\">Valencia<\/a>\n<a href=\"https:\/\/sysdil.es\/pt-pt\/tag\/madrid-pt-pt\/\" class=\"tag-cloud-link tag-link-221 tag-link-position-4\" aria-label=\"Madrid (4 itens)\">Madrid<\/a>\n<a href=\"https:\/\/sysdil.es\/pt-pt\/tag\/aragon-pt-pt\/\" class=\"tag-cloud-link tag-link-210 tag-link-position-5\" aria-label=\"Aragon (2 itens)\">Aragon<\/a>\n<a href=\"https:\/\/sysdil.es\/pt-pt\/tag\/euskadi-pt-pt\/\" class=\"tag-cloud-link tag-link-212 tag-link-position-6\" aria-label=\"Euskadi (2 itens)\">Euskadi<\/a>\n<a href=\"https:\/\/sysdil.es\/pt-pt\/tag\/murcia-pt-pt\/\" class=\"tag-cloud-link tag-link-213 tag-link-position-7\" aria-label=\"Murcia (2 itens)\">Murcia<\/a>\n<a href=\"https:\/\/sysdil.es\/pt-pt\/tag\/portugal-pt-pt\/\" class=\"tag-cloud-link tag-link-222 tag-link-position-8\" aria-label=\"Portugal (2 itens)\">Portugal<\/a>\n<a href=\"https:\/\/sysdil.es\/pt-pt\/tag\/alicante-pt-pt\/\" class=\"tag-cloud-link tag-link-223 tag-link-position-9\" aria-label=\"Alicante (2 itens)\">Alicante<\/a>\n<a href=\"https:\/\/sysdil.es\/pt-pt\/tag\/asturias-pt-pt\/\" class=\"tag-cloud-link tag-link-211 tag-link-position-10\" aria-label=\"Asturias (1 item)\">Asturias<\/a>\n<a href=\"https:\/\/sysdil.es\/pt-pt\/tag\/castill_la_mancha-pt-pt\/\" class=\"tag-cloud-link tag-link-216 tag-link-position-11\" aria-label=\"Castilla la Mancha (1 item)\">Castilla la Mancha<\/a>\n<a href=\"https:\/\/sysdil.es\/pt-pt\/tag\/castiila_y_leon-pt-pt\/\" class=\"tag-cloud-link tag-link-217 tag-link-position-12\" aria-label=\"Castilla y Leon (1 item)\">Castilla y Leon<\/a>\n<a href=\"https:\/\/sysdil.es\/pt-pt\/tag\/cantabria-pt-pt\/\" class=\"tag-cloud-link tag-link-218 tag-link-position-13\" aria-label=\"Cantabria (1 item)\">Cantabria<\/a>\n<a href=\"https:\/\/sysdil.es\/pt-pt\/tag\/illes_baleares-pt-pt\/\" class=\"tag-cloud-link tag-link-220 tag-link-position-14\" aria-label=\"Illes Balears (1 item)\">Illes Balears<\/a>\n<a href=\"https:\/\/sysdil.es\/pt-pt\/tag\/rioja-pt-pt\/\" class=\"tag-cloud-link tag-link-224 tag-link-position-15\" aria-label=\"La Rioja (1 item)\">La Rioja<\/a><\/div><div class=\"fusion-post-cards fusion-post-cards-1 fusion-grid-archive fusion-grid-columns-5\" style=\"--awb-column-spacing:20px;--awb-dots-align:center;--awb-columns:5;--awb-active-filter-border-size:3px;--awb-filters-height:36px;--awb-row-spacing:20px;--awb-filters-alignment-medium:flex-start;--awb-filters-alignment-small:flex-start;\" data-post-type-label=\"artigos\"><div><ul class=\"fusion-filters\" role=\"menu\" aria-label=\"Post Filters\"><li role=\"presentation\" class=\"fusion-filter fusion-filter-all fusion-active\"><a href=\"#\" data-filter=\"*\" role=\"menuitem\">All<\/a><\/li><li role=\"presentation\" class=\"fusion-filter fusion-hidden\"><a href=\"#\" data-filter=\".antifurto\" role=\"menuitem\">ANTIFURTO<\/a><\/li><li role=\"presentation\" class=\"fusion-filter fusion-hidden\"><a href=\"#\" data-filter=\".centros-comerciais\" role=\"menuitem\">CENTROS COMERCIAIS<\/a><\/li><li role=\"presentation\" class=\"fusion-filter fusion-hidden\"><a href=\"#\" data-filter=\".contagem-de-pessoas\" role=\"menuitem\">CONTAGEM DE PESSOAS<\/a><\/li><li role=\"presentation\" class=\"fusion-filter fusion-hidden\"><a href=\"#\" data-filter=\".farmacia\" role=\"menuitem\">FARMACIA<\/a><\/li><li role=\"presentation\" class=\"fusion-filter fusion-hidden\"><a href=\"#\" data-filter=\".loja-de-ferramentas\" role=\"menuitem\">LOJA DE FERRAMENTAS<\/a><\/li><li role=\"presentation\" class=\"fusion-filter fusion-hidden\"><a href=\"#\" data-filter=\".loja-de-moda\" role=\"menuitem\">LOJA DE MODA<\/a><\/li><li role=\"presentation\" class=\"fusion-filter fusion-hidden\"><a href=\"#\" data-filter=\".moda-e-acessorios\" role=\"menuitem\">MODA E ACESS\u00d3RIOS<\/a><\/li><li role=\"presentation\" class=\"fusion-filter fusion-hidden\"><a href=\"#\" data-filter=\".opticas\" role=\"menuitem\">\u00d3PTICAS<\/a><\/li><li role=\"presentation\" class=\"fusion-filter fusion-hidden\"><a href=\"#\" data-filter=\".perfumarias\" role=\"menuitem\">PERFUMARIAS<\/a><\/li><\/ul><\/div><ul class=\"fusion-grid fusion-grid-5 fusion-flex-align-items-flex-start fusion-grid-posts-cards\"><li class=\"fusion-layout-column fusion_builder_column fusion-builder-column-1 fusion-flex-column post-card fusion-grid-column fusion-post-cards-grid-column antifurto contagem-de-pessoas moda-e-acessorios\" style=\"--awb-bg-size:cover;--awb-flex-grow:0;--awb-flex-shrink:0;--awb-flex-grow-medium:0;--awb-flex-shrink-medium:0;--awb-flex-grow-small:0;--awb-flex-shrink-small:0;\"><div class=\"fusion-column-wrapper fusion-flex-justify-content-flex-start fusion-content-layout-column\"><div class=\"fusion-image-element \" style=\"--awb-aspect-ratio:1 \/ 1;--awb-margin-bottom:10px;--awb-caption-title-font-family:var(--h2_typography-font-family);--awb-caption-title-font-weight:var(--h2_typography-font-weight);--awb-caption-title-font-style:var(--h2_typography-font-style);--awb-caption-title-size:14px;--awb-caption-title-transform:var(--h2_typography-text-transform);--awb-caption-title-line-height:var(--h2_typography-line-height);--awb-caption-title-letter-spacing:var(--h2_typography-letter-spacing);\"><span class=\" fusion-imageframe imageframe-none imageframe-1 awb-imageframe-style awb-imageframe-style-navin has-aspect-ratio\"><a class=\"fusion-no-lightbox\" href=\"https:\/\/sysdil.es\/pt-pt\/la-tienda-de-valentina-2\/\" target=\"_self\" aria-label=\"oplus_0\"><img decoding=\"async\" width=\"1360\" height=\"767\" alt=\"Sistema antihurto SY-T40 Valentina\" src=\"https:\/\/sysdil.es\/wp-content\/uploads\/2023\/12\/la-valentina-oviedo.jpg\" data-orig-src=\"https:\/\/sysdil.es\/wp-content\/uploads\/2023\/12\/la-valentina-oviedo.jpg\" class=\"lazyload img-responsive wp-image-96673 img-with-aspect-ratio\" data-parent-fit=\"cover\" data-parent-container=\".fusion-image-element\" srcset=\"data:image\/svg+xml,%3Csvg%20xmlns%3D%27http%3A%2F%2Fwww.w3.org%2F2000%2Fsvg%27%20width%3D%271360%27%20height%3D%27767%27%20viewBox%3D%270%200%201360%20767%27%3E%3Crect%20width%3D%271360%27%20height%3D%27767%27%20fill-opacity%3D%220%22%2F%3E%3C%2Fsvg%3E\" data-srcset=\"https:\/\/sysdil.es\/wp-content\/uploads\/2023\/12\/la-valentina-oviedo-200x113.jpg 200w, https:\/\/sysdil.es\/wp-content\/uploads\/2023\/12\/la-valentina-oviedo-400x226.jpg 400w, https:\/\/sysdil.es\/wp-content\/uploads\/2023\/12\/la-valentina-oviedo-600x338.jpg 600w, https:\/\/sysdil.es\/wp-content\/uploads\/2023\/12\/la-valentina-oviedo-800x451.jpg 800w, https:\/\/sysdil.es\/wp-content\/uploads\/2023\/12\/la-valentina-oviedo-1200x677.jpg 1200w, https:\/\/sysdil.es\/wp-content\/uploads\/2023\/12\/la-valentina-oviedo.jpg 1360w\" data-sizes=\"auto\" data-orig-sizes=\"(max-width: 1024px) 100vw, (max-width: 800px) 100vw, 1360px\" title=\"\" data-orig-><div class=\"awb-imageframe-caption-container\"><div class=\"awb-imageframe-caption\"><h2 class=\"awb-imageframe-caption-title\">LA TIENDA DE VALENTINA<\/h2><p class=\"awb-imageframe-caption-text\">oplus_0<\/p><\/div><\/div><\/a><\/span><\/div><\/div><\/li>\n<li class=\"fusion-layout-column fusion_builder_column fusion-builder-column-2 fusion-flex-column post-card fusion-grid-column fusion-post-cards-grid-column antifurto farmacia\" style=\"--awb-bg-size:cover;--awb-flex-grow:0;--awb-flex-shrink:0;--awb-flex-grow-medium:0;--awb-flex-shrink-medium:0;--awb-flex-grow-small:0;--awb-flex-shrink-small:0;\"><div class=\"fusion-column-wrapper fusion-flex-justify-content-flex-start fusion-content-layout-column\"><div class=\"fusion-image-element \" style=\"--awb-aspect-ratio:1 \/ 1;--awb-margin-bottom:10px;--awb-caption-title-font-family:var(--h2_typography-font-family);--awb-caption-title-font-weight:var(--h2_typography-font-weight);--awb-caption-title-font-style:var(--h2_typography-font-style);--awb-caption-title-size:14px;--awb-caption-title-transform:var(--h2_typography-text-transform);--awb-caption-title-line-height:var(--h2_typography-line-height);--awb-caption-title-letter-spacing:var(--h2_typography-letter-spacing);\"><span class=\" fusion-imageframe imageframe-none imageframe-2 awb-imageframe-style awb-imageframe-style-navin has-aspect-ratio\"><a class=\"fusion-no-lightbox\" href=\"https:\/\/sysdil.es\/pt-pt\/farmacia-sara-llorente-badajoz\/\" target=\"_self\" aria-label=\"farmacia-sara-llorente-3-1\"><img decoding=\"async\" width=\"1067\" height=\"800\" alt=\"Farmacia Sara Llorente\" src=\"https:\/\/sysdil.es\/wp-content\/uploads\/2023\/07\/farmacia-sara-llorente-3-1.webp\" data-orig-src=\"https:\/\/sysdil.es\/wp-content\/uploads\/2023\/07\/farmacia-sara-llorente-3-1.webp\" class=\"lazyload img-responsive wp-image-96738 img-with-aspect-ratio\" data-parent-fit=\"cover\" data-parent-container=\".fusion-image-element\" srcset=\"data:image\/svg+xml,%3Csvg%20xmlns%3D%27http%3A%2F%2Fwww.w3.org%2F2000%2Fsvg%27%20width%3D%271067%27%20height%3D%27800%27%20viewBox%3D%270%200%201067%20800%27%3E%3Crect%20width%3D%271067%27%20height%3D%27800%27%20fill-opacity%3D%220%22%2F%3E%3C%2Fsvg%3E\" data-srcset=\"https:\/\/sysdil.es\/wp-content\/uploads\/2023\/07\/farmacia-sara-llorente-3-1-200x150.webp 200w, https:\/\/sysdil.es\/wp-content\/uploads\/2023\/07\/farmacia-sara-llorente-3-1-400x300.webp 400w, https:\/\/sysdil.es\/wp-content\/uploads\/2023\/07\/farmacia-sara-llorente-3-1-600x450.webp 600w, https:\/\/sysdil.es\/wp-content\/uploads\/2023\/07\/farmacia-sara-llorente-3-1-800x600.webp 800w, https:\/\/sysdil.es\/wp-content\/uploads\/2023\/07\/farmacia-sara-llorente-3-1.webp 1067w\" data-sizes=\"auto\" data-orig-sizes=\"(max-width: 1024px) 100vw, (max-width: 800px) 100vw, 1067px\" title=\"\" data-orig-><div class=\"awb-imageframe-caption-container\"><div class=\"awb-imageframe-caption\"><h2 class=\"awb-imageframe-caption-title\">FARMACIA SARA LLORENTE BADAJOZ<\/h2><\/div><\/div><\/a><\/span><\/div><\/div><\/li>\n<li class=\"fusion-layout-column fusion_builder_column fusion-builder-column-3 fusion-flex-column post-card fusion-grid-column fusion-post-cards-grid-column antifurto farmacia\" style=\"--awb-bg-size:cover;--awb-flex-grow:0;--awb-flex-shrink:0;--awb-flex-grow-medium:0;--awb-flex-shrink-medium:0;--awb-flex-grow-small:0;--awb-flex-shrink-small:0;\"><div class=\"fusion-column-wrapper fusion-flex-justify-content-flex-start fusion-content-layout-column\"><div class=\"fusion-image-element \" style=\"--awb-aspect-ratio:1 \/ 1;--awb-margin-bottom:10px;--awb-caption-title-font-family:var(--h2_typography-font-family);--awb-caption-title-font-weight:var(--h2_typography-font-weight);--awb-caption-title-font-style:var(--h2_typography-font-style);--awb-caption-title-size:14px;--awb-caption-title-transform:var(--h2_typography-text-transform);--awb-caption-title-line-height:var(--h2_typography-line-height);--awb-caption-title-letter-spacing:var(--h2_typography-letter-spacing);\"><span class=\" fusion-imageframe imageframe-none imageframe-3 awb-imageframe-style awb-imageframe-style-navin has-aspect-ratio\"><a class=\"fusion-no-lightbox\" href=\"https:\/\/sysdil.es\/pt-pt\/farmacia-san-clemente-villarrobledo\/\" target=\"_self\" aria-label=\"IMG-20200625-WA0001\"><img decoding=\"async\" width=\"800\" height=\"1067\" alt=\"Farmacia San Clemente\" src=\"https:\/\/sysdil.es\/wp-content\/uploads\/2023\/07\/IMG-20200625-WA0001.jpg\" data-orig-src=\"https:\/\/sysdil.es\/wp-content\/uploads\/2023\/07\/IMG-20200625-WA0001.jpg\" class=\"lazyload img-responsive wp-image-96753 img-with-aspect-ratio\" data-parent-fit=\"cover\" data-parent-container=\".fusion-image-element\" srcset=\"data:image\/svg+xml,%3Csvg%20xmlns%3D%27http%3A%2F%2Fwww.w3.org%2F2000%2Fsvg%27%20width%3D%27800%27%20height%3D%271067%27%20viewBox%3D%270%200%20800%201067%27%3E%3Crect%20width%3D%27800%27%20height%3D%271067%27%20fill-opacity%3D%220%22%2F%3E%3C%2Fsvg%3E\" data-srcset=\"https:\/\/sysdil.es\/wp-content\/uploads\/2023\/07\/IMG-20200625-WA0001-200x267.jpg 200w, https:\/\/sysdil.es\/wp-content\/uploads\/2023\/07\/IMG-20200625-WA0001-400x534.jpg 400w, https:\/\/sysdil.es\/wp-content\/uploads\/2023\/07\/IMG-20200625-WA0001-600x800.jpg 600w, https:\/\/sysdil.es\/wp-content\/uploads\/2023\/07\/IMG-20200625-WA0001.jpg 800w\" data-sizes=\"auto\" data-orig-sizes=\"(max-width: 1024px) 100vw, (max-width: 800px) 100vw, 800px\" title=\"\" data-orig-><div class=\"awb-imageframe-caption-container\"><div class=\"awb-imageframe-caption\"><h2 class=\"awb-imageframe-caption-title\">FARMACIA SAN CLEMENTE VILLARROBLEDO<\/h2><\/div><\/div><\/a><\/span><\/div><\/div><\/li>\n<li class=\"fusion-layout-column fusion_builder_column fusion-builder-column-4 fusion-flex-column post-card fusion-grid-column fusion-post-cards-grid-column antifurto farmacia\" style=\"--awb-bg-size:cover;--awb-flex-grow:0;--awb-flex-shrink:0;--awb-flex-grow-medium:0;--awb-flex-shrink-medium:0;--awb-flex-grow-small:0;--awb-flex-shrink-small:0;\"><div class=\"fusion-column-wrapper fusion-flex-justify-content-flex-start fusion-content-layout-column\"><div class=\"fusion-image-element \" style=\"--awb-aspect-ratio:1 \/ 1;--awb-margin-bottom:10px;--awb-caption-title-font-family:var(--h2_typography-font-family);--awb-caption-title-font-weight:var(--h2_typography-font-weight);--awb-caption-title-font-style:var(--h2_typography-font-style);--awb-caption-title-size:14px;--awb-caption-title-transform:var(--h2_typography-text-transform);--awb-caption-title-line-height:var(--h2_typography-line-height);--awb-caption-title-letter-spacing:var(--h2_typography-letter-spacing);\"><span class=\" fusion-imageframe imageframe-none imageframe-4 awb-imageframe-style awb-imageframe-style-navin has-aspect-ratio\"><a class=\"fusion-no-lightbox\" href=\"https:\/\/sysdil.es\/pt-pt\/farmacia-la-rosaleda\/\" target=\"_self\" aria-label=\"1550157214399\"><img decoding=\"async\" width=\"1400\" height=\"592\" alt=\"FARMACIA LA ROSALEDA\" src=\"https:\/\/sysdil.es\/wp-content\/uploads\/2023\/07\/1550157214399.webp\" data-orig-src=\"https:\/\/sysdil.es\/wp-content\/uploads\/2023\/07\/1550157214399.webp\" class=\"lazyload img-responsive wp-image-96763 img-with-aspect-ratio\" data-parent-fit=\"cover\" data-parent-container=\".fusion-image-element\" srcset=\"data:image\/svg+xml,%3Csvg%20xmlns%3D%27http%3A%2F%2Fwww.w3.org%2F2000%2Fsvg%27%20width%3D%271400%27%20height%3D%27592%27%20viewBox%3D%270%200%201400%20592%27%3E%3Crect%20width%3D%271400%27%20height%3D%27592%27%20fill-opacity%3D%220%22%2F%3E%3C%2Fsvg%3E\" data-srcset=\"https:\/\/sysdil.es\/wp-content\/uploads\/2023\/07\/1550157214399-200x85.webp 200w, https:\/\/sysdil.es\/wp-content\/uploads\/2023\/07\/1550157214399-400x169.webp 400w, https:\/\/sysdil.es\/wp-content\/uploads\/2023\/07\/1550157214399-600x254.webp 600w, https:\/\/sysdil.es\/wp-content\/uploads\/2023\/07\/1550157214399-800x338.webp 800w, https:\/\/sysdil.es\/wp-content\/uploads\/2023\/07\/1550157214399-1200x507.webp 1200w, https:\/\/sysdil.es\/wp-content\/uploads\/2023\/07\/1550157214399.webp 1400w\" data-sizes=\"auto\" data-orig-sizes=\"(max-width: 1024px) 100vw, (max-width: 800px) 100vw, 1400px\" title=\"\" data-orig-><div class=\"awb-imageframe-caption-container\"><div class=\"awb-imageframe-caption\"><h2 class=\"awb-imageframe-caption-title\">FARMACIA LA ROSALEDA<\/h2><\/div><\/div><\/a><\/span><\/div><\/div><\/li>\n<li class=\"fusion-layout-column fusion_builder_column fusion-builder-column-5 fusion-flex-column post-card fusion-grid-column fusion-post-cards-grid-column antifurto farmacia\" style=\"--awb-bg-size:cover;--awb-flex-grow:0;--awb-flex-shrink:0;--awb-flex-grow-medium:0;--awb-flex-shrink-medium:0;--awb-flex-grow-small:0;--awb-flex-shrink-small:0;\"><div class=\"fusion-column-wrapper fusion-flex-justify-content-flex-start fusion-content-layout-column\"><div class=\"fusion-image-element \" style=\"--awb-aspect-ratio:1 \/ 1;--awb-margin-bottom:10px;--awb-caption-title-font-family:var(--h2_typography-font-family);--awb-caption-title-font-weight:var(--h2_typography-font-weight);--awb-caption-title-font-style:var(--h2_typography-font-style);--awb-caption-title-size:14px;--awb-caption-title-transform:var(--h2_typography-text-transform);--awb-caption-title-line-height:var(--h2_typography-line-height);--awb-caption-title-letter-spacing:var(--h2_typography-letter-spacing);\"><span class=\" fusion-imageframe imageframe-none imageframe-5 awb-imageframe-style awb-imageframe-style-navin has-aspect-ratio\"><a class=\"fusion-no-lightbox\" href=\"https:\/\/sysdil.es\/pt-pt\/farmacia-casado-fabra\/\" target=\"_self\" aria-label=\"Farmacia-Alcasser-scaled-1\"><img decoding=\"async\" width=\"1400\" height=\"788\" alt=\"FARMACIA CASADO FABRA\" src=\"https:\/\/sysdil.es\/wp-content\/uploads\/2023\/07\/Farmacia-Alcasser-scaled-1.webp\" data-orig-src=\"https:\/\/sysdil.es\/wp-content\/uploads\/2023\/07\/Farmacia-Alcasser-scaled-1.webp\" class=\"lazyload img-responsive wp-image-97482 img-with-aspect-ratio\" data-parent-fit=\"cover\" data-parent-container=\".fusion-image-element\" srcset=\"data:image\/svg+xml,%3Csvg%20xmlns%3D%27http%3A%2F%2Fwww.w3.org%2F2000%2Fsvg%27%20width%3D%271400%27%20height%3D%27788%27%20viewBox%3D%270%200%201400%20788%27%3E%3Crect%20width%3D%271400%27%20height%3D%27788%27%20fill-opacity%3D%220%22%2F%3E%3C%2Fsvg%3E\" data-srcset=\"https:\/\/sysdil.es\/wp-content\/uploads\/2023\/07\/Farmacia-Alcasser-scaled-1-200x113.webp 200w, https:\/\/sysdil.es\/wp-content\/uploads\/2023\/07\/Farmacia-Alcasser-scaled-1-400x225.webp 400w, https:\/\/sysdil.es\/wp-content\/uploads\/2023\/07\/Farmacia-Alcasser-scaled-1-600x338.webp 600w, https:\/\/sysdil.es\/wp-content\/uploads\/2023\/07\/Farmacia-Alcasser-scaled-1-800x450.webp 800w, https:\/\/sysdil.es\/wp-content\/uploads\/2023\/07\/Farmacia-Alcasser-scaled-1-1200x675.webp 1200w, https:\/\/sysdil.es\/wp-content\/uploads\/2023\/07\/Farmacia-Alcasser-scaled-1.webp 1400w\" data-sizes=\"auto\" data-orig-sizes=\"(max-width: 1024px) 100vw, (max-width: 800px) 100vw, 1400px\" title=\"\" data-orig-><div class=\"awb-imageframe-caption-container\"><div class=\"awb-imageframe-caption\"><h2 class=\"awb-imageframe-caption-title\">FARMACIA CASADO FABRA<\/h2><\/div><\/div><\/a><\/span><\/div><\/div><\/li>\n<li class=\"fusion-layout-column fusion_builder_column fusion-builder-column-6 fusion-flex-column post-card fusion-grid-column fusion-post-cards-grid-column antifurto contagem-de-pessoas farmacia\" style=\"--awb-bg-size:cover;--awb-flex-grow:0;--awb-flex-shrink:0;--awb-flex-grow-medium:0;--awb-flex-shrink-medium:0;--awb-flex-grow-small:0;--awb-flex-shrink-small:0;\"><div class=\"fusion-column-wrapper fusion-flex-justify-content-flex-start fusion-content-layout-column\"><div class=\"fusion-image-element \" style=\"--awb-aspect-ratio:1 \/ 1;--awb-margin-bottom:10px;--awb-caption-title-font-family:var(--h2_typography-font-family);--awb-caption-title-font-weight:var(--h2_typography-font-weight);--awb-caption-title-font-style:var(--h2_typography-font-style);--awb-caption-title-size:14px;--awb-caption-title-transform:var(--h2_typography-text-transform);--awb-caption-title-line-height:var(--h2_typography-line-height);--awb-caption-title-letter-spacing:var(--h2_typography-letter-spacing);\"><span class=\" fusion-imageframe imageframe-none imageframe-6 awb-imageframe-style awb-imageframe-style-navin has-aspect-ratio\"><a class=\"fusion-no-lightbox\" href=\"https:\/\/sysdil.es\/pt-pt\/farmacia-rivas-algeciras\/\" target=\"_self\" aria-label=\"WhatsApp-Image-2022-08-11-at-5.08.02-PM-1024&#215;576\"><img decoding=\"async\" width=\"1024\" height=\"576\" alt=\"FARMACIA RIVAS ALGECIRAS\" src=\"https:\/\/sysdil.es\/wp-content\/uploads\/2023\/07\/WhatsApp-Image-2022-08-11-at-5.08.02-PM-1024x576-1.webp\" data-orig-src=\"https:\/\/sysdil.es\/wp-content\/uploads\/2023\/07\/WhatsApp-Image-2022-08-11-at-5.08.02-PM-1024x576-1.webp\" class=\"lazyload img-responsive wp-image-97471 img-with-aspect-ratio\" data-parent-fit=\"cover\" data-parent-container=\".fusion-image-element\" srcset=\"data:image\/svg+xml,%3Csvg%20xmlns%3D%27http%3A%2F%2Fwww.w3.org%2F2000%2Fsvg%27%20width%3D%271024%27%20height%3D%27576%27%20viewBox%3D%270%200%201024%20576%27%3E%3Crect%20width%3D%271024%27%20height%3D%27576%27%20fill-opacity%3D%220%22%2F%3E%3C%2Fsvg%3E\" data-srcset=\"https:\/\/sysdil.es\/wp-content\/uploads\/2023\/07\/WhatsApp-Image-2022-08-11-at-5.08.02-PM-1024x576-1-200x113.webp 200w, https:\/\/sysdil.es\/wp-content\/uploads\/2023\/07\/WhatsApp-Image-2022-08-11-at-5.08.02-PM-1024x576-1-400x225.webp 400w, https:\/\/sysdil.es\/wp-content\/uploads\/2023\/07\/WhatsApp-Image-2022-08-11-at-5.08.02-PM-1024x576-1-600x338.webp 600w, https:\/\/sysdil.es\/wp-content\/uploads\/2023\/07\/WhatsApp-Image-2022-08-11-at-5.08.02-PM-1024x576-1-800x450.webp 800w, https:\/\/sysdil.es\/wp-content\/uploads\/2023\/07\/WhatsApp-Image-2022-08-11-at-5.08.02-PM-1024x576-1.webp 1024w\" data-sizes=\"auto\" data-orig-sizes=\"(max-width: 1024px) 100vw, (max-width: 800px) 100vw, 1024px\" title=\"\" data-orig-><div class=\"awb-imageframe-caption-container\"><div class=\"awb-imageframe-caption\"><h2 class=\"awb-imageframe-caption-title\">FARMACIA RIVAS ALGECIRAS<\/h2><\/div><\/div><\/a><\/span><\/div><\/div><\/li>\n<li class=\"fusion-layout-column fusion_builder_column fusion-builder-column-7 fusion-flex-column post-card fusion-grid-column fusion-post-cards-grid-column antifurto farmacia\" style=\"--awb-bg-size:cover;--awb-flex-grow:0;--awb-flex-shrink:0;--awb-flex-grow-medium:0;--awb-flex-shrink-medium:0;--awb-flex-grow-small:0;--awb-flex-shrink-small:0;\"><div class=\"fusion-column-wrapper fusion-flex-justify-content-flex-start fusion-content-layout-column\"><div class=\"fusion-image-element \" style=\"--awb-aspect-ratio:1 \/ 1;--awb-margin-bottom:10px;--awb-caption-title-font-family:var(--h2_typography-font-family);--awb-caption-title-font-weight:var(--h2_typography-font-weight);--awb-caption-title-font-style:var(--h2_typography-font-style);--awb-caption-title-size:14px;--awb-caption-title-transform:var(--h2_typography-text-transform);--awb-caption-title-line-height:var(--h2_typography-line-height);--awb-caption-title-letter-spacing:var(--h2_typography-letter-spacing);\"><span class=\" fusion-imageframe imageframe-none imageframe-7 awb-imageframe-style awb-imageframe-style-navin has-aspect-ratio\"><a class=\"fusion-no-lightbox\" href=\"https:\/\/sysdil.es\/pt-pt\/farmacia-farmateis-2\/\" target=\"_self\" aria-label=\"vazquez-fernandez-jose_img131257t0\"><img decoding=\"async\" width=\"1024\" height=\"762\" alt=\"Farmacia FARMATEIS\" src=\"https:\/\/sysdil.es\/wp-content\/uploads\/2023\/07\/vazquez-fernandez-jose_img131257t0.webp\" data-orig-src=\"https:\/\/sysdil.es\/wp-content\/uploads\/2023\/07\/vazquez-fernandez-jose_img131257t0.webp\" class=\"lazyload img-responsive wp-image-96794 img-with-aspect-ratio\" data-parent-fit=\"cover\" data-parent-container=\".fusion-image-element\" srcset=\"data:image\/svg+xml,%3Csvg%20xmlns%3D%27http%3A%2F%2Fwww.w3.org%2F2000%2Fsvg%27%20width%3D%271024%27%20height%3D%27762%27%20viewBox%3D%270%200%201024%20762%27%3E%3Crect%20width%3D%271024%27%20height%3D%27762%27%20fill-opacity%3D%220%22%2F%3E%3C%2Fsvg%3E\" data-srcset=\"https:\/\/sysdil.es\/wp-content\/uploads\/2023\/07\/vazquez-fernandez-jose_img131257t0-200x149.webp 200w, https:\/\/sysdil.es\/wp-content\/uploads\/2023\/07\/vazquez-fernandez-jose_img131257t0-400x298.webp 400w, https:\/\/sysdil.es\/wp-content\/uploads\/2023\/07\/vazquez-fernandez-jose_img131257t0-600x446.webp 600w, https:\/\/sysdil.es\/wp-content\/uploads\/2023\/07\/vazquez-fernandez-jose_img131257t0-800x595.webp 800w, https:\/\/sysdil.es\/wp-content\/uploads\/2023\/07\/vazquez-fernandez-jose_img131257t0.webp 1024w\" data-sizes=\"auto\" data-orig-sizes=\"(max-width: 1024px) 100vw, (max-width: 800px) 100vw, 1024px\" title=\"\" data-orig-><div class=\"awb-imageframe-caption-container\"><div class=\"awb-imageframe-caption\"><h2 class=\"awb-imageframe-caption-title\">FARMACIA FARMATEIS<\/h2><\/div><\/div><\/a><\/span><\/div><\/div><\/li>\n<li class=\"fusion-layout-column fusion_builder_column fusion-builder-column-8 fusion-flex-column post-card fusion-grid-column fusion-post-cards-grid-column tiendas-de-moda\" style=\"--awb-bg-size:cover;--awb-flex-grow:0;--awb-flex-shrink:0;--awb-flex-grow-medium:0;--awb-flex-shrink-medium:0;--awb-flex-grow-small:0;--awb-flex-shrink-small:0;\"><div class=\"fusion-column-wrapper fusion-flex-justify-content-flex-start fusion-content-layout-column\"><\/div><\/li>\n<li class=\"fusion-layout-column fusion_builder_column fusion-builder-column-9 fusion-flex-column post-card fusion-grid-column fusion-post-cards-grid-column contagem-de-pessoas\" style=\"--awb-bg-size:cover;--awb-flex-grow:0;--awb-flex-shrink:0;--awb-flex-grow-medium:0;--awb-flex-shrink-medium:0;--awb-flex-grow-small:0;--awb-flex-shrink-small:0;\"><div class=\"fusion-column-wrapper fusion-flex-justify-content-flex-start fusion-content-layout-column\"><div class=\"fusion-image-element \" style=\"--awb-aspect-ratio:1 \/ 1;--awb-margin-bottom:10px;--awb-caption-title-font-family:var(--h2_typography-font-family);--awb-caption-title-font-weight:var(--h2_typography-font-weight);--awb-caption-title-font-style:var(--h2_typography-font-style);--awb-caption-title-size:14px;--awb-caption-title-transform:var(--h2_typography-text-transform);--awb-caption-title-line-height:var(--h2_typography-line-height);--awb-caption-title-letter-spacing:var(--h2_typography-letter-spacing);\"><span class=\" fusion-imageframe imageframe-none imageframe-9 awb-imageframe-style awb-imageframe-style-navin has-aspect-ratio\"><a class=\"fusion-no-lightbox\" href=\"https:\/\/sysdil.es\/pt-pt\/cadeia-oro-vivo\/\" target=\"_self\" aria-label=\"Oro-vivo-entrada-scaled\"><img decoding=\"async\" width=\"2560\" height=\"798\" alt=\"Oro vivo\" src=\"https:\/\/sysdil.es\/wp-content\/uploads\/2023\/06\/Oro-vivo-entrada-scaled-1.jpeg\" data-orig-src=\"https:\/\/sysdil.es\/wp-content\/uploads\/2023\/06\/Oro-vivo-entrada-scaled-1.jpeg\" class=\"lazyload img-responsive wp-image-97194 img-with-aspect-ratio\" data-parent-fit=\"cover\" data-parent-container=\".fusion-image-element\" srcset=\"data:image\/svg+xml,%3Csvg%20xmlns%3D%27http%3A%2F%2Fwww.w3.org%2F2000%2Fsvg%27%20width%3D%272560%27%20height%3D%27798%27%20viewBox%3D%270%200%202560%20798%27%3E%3Crect%20width%3D%272560%27%20height%3D%27798%27%20fill-opacity%3D%220%22%2F%3E%3C%2Fsvg%3E\" data-srcset=\"https:\/\/sysdil.es\/wp-content\/uploads\/2023\/06\/Oro-vivo-entrada-scaled-1-200x62.jpeg 200w, https:\/\/sysdil.es\/wp-content\/uploads\/2023\/06\/Oro-vivo-entrada-scaled-1-400x125.jpeg 400w, https:\/\/sysdil.es\/wp-content\/uploads\/2023\/06\/Oro-vivo-entrada-scaled-1-600x187.jpeg 600w, https:\/\/sysdil.es\/wp-content\/uploads\/2023\/06\/Oro-vivo-entrada-scaled-1-800x249.jpeg 800w, https:\/\/sysdil.es\/wp-content\/uploads\/2023\/06\/Oro-vivo-entrada-scaled-1-1200x374.jpeg 1200w, https:\/\/sysdil.es\/wp-content\/uploads\/2023\/06\/Oro-vivo-entrada-scaled-1.jpeg 2560w\" data-sizes=\"auto\" data-orig-sizes=\"(max-width: 1024px) 100vw, (max-width: 800px) 100vw, 2560px\" title=\"\" data-orig-><div class=\"awb-imageframe-caption-container\"><div class=\"awb-imageframe-caption\"><h2 class=\"awb-imageframe-caption-title\">CADEIA DE LOJAS ORO VIVO<\/h2><\/div><\/div><\/a><\/span><\/div><\/div><\/li>\n<li class=\"fusion-layout-column fusion_builder_column fusion-builder-column-10 fusion-flex-column post-card fusion-grid-column fusion-post-cards-grid-column contagem-de-pessoas\" style=\"--awb-bg-size:cover;--awb-flex-grow:0;--awb-flex-shrink:0;--awb-flex-grow-medium:0;--awb-flex-shrink-medium:0;--awb-flex-grow-small:0;--awb-flex-shrink-small:0;\"><div class=\"fusion-column-wrapper fusion-flex-justify-content-flex-start fusion-content-layout-column\"><div class=\"fusion-image-element \" style=\"--awb-aspect-ratio:1 \/ 1;--awb-margin-bottom:10px;--awb-caption-title-font-family:var(--h2_typography-font-family);--awb-caption-title-font-weight:var(--h2_typography-font-weight);--awb-caption-title-font-style:var(--h2_typography-font-style);--awb-caption-title-size:14px;--awb-caption-title-transform:var(--h2_typography-text-transform);--awb-caption-title-line-height:var(--h2_typography-line-height);--awb-caption-title-letter-spacing:var(--h2_typography-letter-spacing);\"><span class=\" fusion-imageframe imageframe-none imageframe-10 awb-imageframe-style awb-imageframe-style-navin has-aspect-ratio\"><a class=\"fusion-no-lightbox\" href=\"https:\/\/sysdil.es\/pt-pt\/centro-comercial-de-albufeira\/\" target=\"_self\" aria-label=\"Entrada-Exterior-scaled-1\"><img decoding=\"async\" width=\"1400\" height=\"681\" alt=\"Albufeira Shopping\" src=\"https:\/\/sysdil.es\/wp-content\/uploads\/2023\/07\/Entrada-Exterior-scaled-1.webp\" data-orig-src=\"https:\/\/sysdil.es\/wp-content\/uploads\/2023\/07\/Entrada-Exterior-scaled-1.webp\" class=\"lazyload img-responsive wp-image-96938 img-with-aspect-ratio\" data-parent-fit=\"cover\" data-parent-container=\".fusion-image-element\" srcset=\"data:image\/svg+xml,%3Csvg%20xmlns%3D%27http%3A%2F%2Fwww.w3.org%2F2000%2Fsvg%27%20width%3D%271400%27%20height%3D%27681%27%20viewBox%3D%270%200%201400%20681%27%3E%3Crect%20width%3D%271400%27%20height%3D%27681%27%20fill-opacity%3D%220%22%2F%3E%3C%2Fsvg%3E\" data-srcset=\"https:\/\/sysdil.es\/wp-content\/uploads\/2023\/07\/Entrada-Exterior-scaled-1-200x97.webp 200w, https:\/\/sysdil.es\/wp-content\/uploads\/2023\/07\/Entrada-Exterior-scaled-1-400x195.webp 400w, https:\/\/sysdil.es\/wp-content\/uploads\/2023\/07\/Entrada-Exterior-scaled-1-600x292.webp 600w, https:\/\/sysdil.es\/wp-content\/uploads\/2023\/07\/Entrada-Exterior-scaled-1-800x389.webp 800w, https:\/\/sysdil.es\/wp-content\/uploads\/2023\/07\/Entrada-Exterior-scaled-1-1200x584.webp 1200w, https:\/\/sysdil.es\/wp-content\/uploads\/2023\/07\/Entrada-Exterior-scaled-1.webp 1400w\" data-sizes=\"auto\" data-orig-sizes=\"(max-width: 1024px) 100vw, (max-width: 800px) 100vw, 1400px\" title=\"\" data-orig-><div class=\"awb-imageframe-caption-container\"><div class=\"awb-imageframe-caption\"><h2 class=\"awb-imageframe-caption-title\">CENTRO COMERCIAL DE ALBUFEIRA<\/h2><\/div><\/div><\/a><\/span><\/div><\/div><\/li>\n<li class=\"fusion-layout-column fusion_builder_column fusion-builder-column-11 fusion-flex-column post-card fusion-grid-column fusion-post-cards-grid-column contagem-de-pessoas\" style=\"--awb-bg-size:cover;--awb-flex-grow:0;--awb-flex-shrink:0;--awb-flex-grow-medium:0;--awb-flex-shrink-medium:0;--awb-flex-grow-small:0;--awb-flex-shrink-small:0;\"><div class=\"fusion-column-wrapper fusion-flex-justify-content-flex-start fusion-content-layout-column\"><div class=\"fusion-image-element \" style=\"--awb-aspect-ratio:1 \/ 1;--awb-margin-bottom:10px;--awb-caption-title-font-family:var(--h2_typography-font-family);--awb-caption-title-font-weight:var(--h2_typography-font-weight);--awb-caption-title-font-style:var(--h2_typography-font-style);--awb-caption-title-size:14px;--awb-caption-title-transform:var(--h2_typography-text-transform);--awb-caption-title-line-height:var(--h2_typography-line-height);--awb-caption-title-letter-spacing:var(--h2_typography-letter-spacing);\"><span class=\" fusion-imageframe imageframe-none imageframe-11 awb-imageframe-style awb-imageframe-style-navin has-aspect-ratio\"><a class=\"fusion-no-lightbox\" href=\"https:\/\/sysdil.es\/pt-pt\/comerciales-xperience-sant-boi-2\/\" target=\"_self\" aria-label=\"plus-img-4-1\"><img decoding=\"async\" width=\"1024\" height=\"576\" alt=\"COMERCIALES XPERIENCE SANT BOI\" src=\"https:\/\/sysdil.es\/wp-content\/uploads\/2023\/07\/plus-img-4-1.webp\" data-orig-src=\"https:\/\/sysdil.es\/wp-content\/uploads\/2023\/07\/plus-img-4-1.webp\" class=\"lazyload img-responsive wp-image-96968 img-with-aspect-ratio\" data-parent-fit=\"cover\" data-parent-container=\".fusion-image-element\" srcset=\"data:image\/svg+xml,%3Csvg%20xmlns%3D%27http%3A%2F%2Fwww.w3.org%2F2000%2Fsvg%27%20width%3D%271024%27%20height%3D%27576%27%20viewBox%3D%270%200%201024%20576%27%3E%3Crect%20width%3D%271024%27%20height%3D%27576%27%20fill-opacity%3D%220%22%2F%3E%3C%2Fsvg%3E\" data-srcset=\"https:\/\/sysdil.es\/wp-content\/uploads\/2023\/07\/plus-img-4-1-200x113.webp 200w, https:\/\/sysdil.es\/wp-content\/uploads\/2023\/07\/plus-img-4-1-400x225.webp 400w, https:\/\/sysdil.es\/wp-content\/uploads\/2023\/07\/plus-img-4-1-600x338.webp 600w, https:\/\/sysdil.es\/wp-content\/uploads\/2023\/07\/plus-img-4-1-800x450.webp 800w, https:\/\/sysdil.es\/wp-content\/uploads\/2023\/07\/plus-img-4-1.webp 1024w\" data-sizes=\"auto\" data-orig-sizes=\"(max-width: 1024px) 100vw, (max-width: 800px) 100vw, 1024px\" title=\"\" data-orig-><div class=\"awb-imageframe-caption-container\"><div class=\"awb-imageframe-caption\"><h2 class=\"awb-imageframe-caption-title\">COMERCIALES XPERIENCE SANT BOI<\/h2><\/div><\/div><\/a><\/span><\/div><\/div><\/li>\n<li class=\"fusion-layout-column fusion_builder_column fusion-builder-column-12 fusion-flex-column post-card fusion-grid-column fusion-post-cards-grid-column contagem-de-pessoas\" style=\"--awb-bg-size:cover;--awb-flex-grow:0;--awb-flex-shrink:0;--awb-flex-grow-medium:0;--awb-flex-shrink-medium:0;--awb-flex-grow-small:0;--awb-flex-shrink-small:0;\"><div class=\"fusion-column-wrapper fusion-flex-justify-content-flex-start fusion-content-layout-column\"><div class=\"fusion-image-element \" style=\"--awb-aspect-ratio:1 \/ 1;--awb-margin-bottom:10px;--awb-caption-title-font-family:var(--h2_typography-font-family);--awb-caption-title-font-weight:var(--h2_typography-font-weight);--awb-caption-title-font-style:var(--h2_typography-font-style);--awb-caption-title-size:14px;--awb-caption-title-transform:var(--h2_typography-text-transform);--awb-caption-title-line-height:var(--h2_typography-line-height);--awb-caption-title-letter-spacing:var(--h2_typography-letter-spacing);\"><span class=\" fusion-imageframe imageframe-none imageframe-12 awb-imageframe-style awb-imageframe-style-navin has-aspect-ratio\"><a class=\"fusion-no-lightbox\" href=\"https:\/\/sysdil.es\/pt-pt\/embargosalobestia-2\/\" target=\"_self\" aria-label=\"embargos-bestia-kGGE-U1004151832086z-1248&#215;770@La-Verdad\"><img decoding=\"async\" width=\"1248\" height=\"770\" alt=\"EMBARGOS A LO BESTIA\" src=\"https:\/\/sysdil.es\/wp-content\/uploads\/2023\/07\/embargos-bestia-kGGE-U1004151832086z-1248x770@La-Verdad.webp\" data-orig-src=\"https:\/\/sysdil.es\/wp-content\/uploads\/2023\/07\/embargos-bestia-kGGE-U1004151832086z-1248x770@La-Verdad.webp\" class=\"lazyload img-responsive wp-image-96985 img-with-aspect-ratio\" data-parent-fit=\"cover\" data-parent-container=\".fusion-image-element\" srcset=\"data:image\/svg+xml,%3Csvg%20xmlns%3D%27http%3A%2F%2Fwww.w3.org%2F2000%2Fsvg%27%20width%3D%271248%27%20height%3D%27770%27%20viewBox%3D%270%200%201248%20770%27%3E%3Crect%20width%3D%271248%27%20height%3D%27770%27%20fill-opacity%3D%220%22%2F%3E%3C%2Fsvg%3E\" data-srcset=\"https:\/\/sysdil.es\/wp-content\/uploads\/2023\/07\/embargos-bestia-kGGE-U1004151832086z-1248x770@La-Verdad-200x123.webp 200w, https:\/\/sysdil.es\/wp-content\/uploads\/2023\/07\/embargos-bestia-kGGE-U1004151832086z-1248x770@La-Verdad-400x247.webp 400w, https:\/\/sysdil.es\/wp-content\/uploads\/2023\/07\/embargos-bestia-kGGE-U1004151832086z-1248x770@La-Verdad-600x370.webp 600w, https:\/\/sysdil.es\/wp-content\/uploads\/2023\/07\/embargos-bestia-kGGE-U1004151832086z-1248x770@La-Verdad-800x494.webp 800w, https:\/\/sysdil.es\/wp-content\/uploads\/2023\/07\/embargos-bestia-kGGE-U1004151832086z-1248x770@La-Verdad-1200x740.webp 1200w, https:\/\/sysdil.es\/wp-content\/uploads\/2023\/07\/embargos-bestia-kGGE-U1004151832086z-1248x770@La-Verdad.webp 1248w\" data-sizes=\"auto\" data-orig-sizes=\"(max-width: 1024px) 100vw, (max-width: 800px) 100vw, 1248px\" title=\"\" data-orig-><div class=\"awb-imageframe-caption-container\"><div class=\"awb-imageframe-caption\"><h2 class=\"awb-imageframe-caption-title\">EMBARGOSALOBESTIA<\/h2><\/div><\/div><\/a><\/span><\/div><\/div><\/li>\n<li class=\"fusion-layout-column fusion_builder_column fusion-builder-column-13 fusion-flex-column post-card fusion-grid-column fusion-post-cards-grid-column contagem-de-pessoas perfumarias\" style=\"--awb-bg-size:cover;--awb-flex-grow:0;--awb-flex-shrink:0;--awb-flex-grow-medium:0;--awb-flex-shrink-medium:0;--awb-flex-grow-small:0;--awb-flex-shrink-small:0;\"><div class=\"fusion-column-wrapper fusion-flex-justify-content-flex-start fusion-content-layout-column\"><div class=\"fusion-image-element \" style=\"--awb-aspect-ratio:1 \/ 1;--awb-margin-bottom:10px;--awb-caption-title-font-family:var(--h2_typography-font-family);--awb-caption-title-font-weight:var(--h2_typography-font-weight);--awb-caption-title-font-style:var(--h2_typography-font-style);--awb-caption-title-size:14px;--awb-caption-title-transform:var(--h2_typography-text-transform);--awb-caption-title-line-height:var(--h2_typography-line-height);--awb-caption-title-letter-spacing:var(--h2_typography-letter-spacing);\"><span class=\" fusion-imageframe imageframe-none imageframe-13 awb-imageframe-style awb-imageframe-style-navin has-aspect-ratio\"><a class=\"fusion-no-lightbox\" href=\"https:\/\/sysdil.es\/pt-pt\/lush-cosmetics\/\" target=\"_self\" aria-label=\"lush-1024&#215;576\"><img decoding=\"async\" width=\"1024\" height=\"576\" alt=\"LUSH COSMETICS\" src=\"https:\/\/sysdil.es\/wp-content\/uploads\/2023\/07\/lush-1024x576-1.jpg\" data-orig-src=\"https:\/\/sysdil.es\/wp-content\/uploads\/2023\/07\/lush-1024x576-1.jpg\" class=\"lazyload img-responsive wp-image-97000 img-with-aspect-ratio\" data-parent-fit=\"cover\" data-parent-container=\".fusion-image-element\" srcset=\"data:image\/svg+xml,%3Csvg%20xmlns%3D%27http%3A%2F%2Fwww.w3.org%2F2000%2Fsvg%27%20width%3D%271024%27%20height%3D%27576%27%20viewBox%3D%270%200%201024%20576%27%3E%3Crect%20width%3D%271024%27%20height%3D%27576%27%20fill-opacity%3D%220%22%2F%3E%3C%2Fsvg%3E\" data-srcset=\"https:\/\/sysdil.es\/wp-content\/uploads\/2023\/07\/lush-1024x576-1-200x113.jpg 200w, https:\/\/sysdil.es\/wp-content\/uploads\/2023\/07\/lush-1024x576-1-400x225.jpg 400w, https:\/\/sysdil.es\/wp-content\/uploads\/2023\/07\/lush-1024x576-1-600x338.jpg 600w, https:\/\/sysdil.es\/wp-content\/uploads\/2023\/07\/lush-1024x576-1-800x450.jpg 800w, https:\/\/sysdil.es\/wp-content\/uploads\/2023\/07\/lush-1024x576-1.jpg 1024w\" data-sizes=\"auto\" data-orig-sizes=\"(max-width: 1024px) 100vw, (max-width: 800px) 100vw, 1024px\" title=\"\" data-orig-><div class=\"awb-imageframe-caption-container\"><div class=\"awb-imageframe-caption\"><h2 class=\"awb-imageframe-caption-title\">LUSH COSMETICS<\/h2><\/div><\/div><\/a><\/span><\/div><\/div><\/li>\n<li class=\"fusion-layout-column fusion_builder_column fusion-builder-column-14 fusion-flex-column post-card fusion-grid-column fusion-post-cards-grid-column\" style=\"--awb-bg-size:cover;--awb-flex-grow:0;--awb-flex-shrink:0;--awb-flex-grow-medium:0;--awb-flex-shrink-medium:0;--awb-flex-grow-small:0;--awb-flex-shrink-small:0;\"><div class=\"fusion-column-wrapper fusion-flex-justify-content-flex-start fusion-content-layout-column\"><div class=\"fusion-image-element \" style=\"--awb-aspect-ratio:1 \/ 1;--awb-margin-bottom:10px;--awb-caption-title-font-family:var(--h2_typography-font-family);--awb-caption-title-font-weight:var(--h2_typography-font-weight);--awb-caption-title-font-style:var(--h2_typography-font-style);--awb-caption-title-size:14px;--awb-caption-title-transform:var(--h2_typography-text-transform);--awb-caption-title-line-height:var(--h2_typography-line-height);--awb-caption-title-letter-spacing:var(--h2_typography-letter-spacing);\"><span class=\" fusion-imageframe imageframe-none imageframe-14 awb-imageframe-style awb-imageframe-style-navin has-aspect-ratio\"><a class=\"fusion-no-lightbox\" href=\"https:\/\/sysdil.es\/pt-pt\/oro-vivo-san-cugat\/\" target=\"_self\" aria-label=\"orovivosancugat\"><img decoding=\"async\" width=\"711\" height=\"400\" alt=\"oro vivo san cugat\" src=\"https:\/\/sysdil.es\/wp-content\/uploads\/2023\/07\/orovivosancugat.webp\" data-orig-src=\"https:\/\/sysdil.es\/wp-content\/uploads\/2023\/07\/orovivosancugat.webp\" class=\"lazyload img-responsive wp-image-97008 img-with-aspect-ratio\" data-parent-fit=\"cover\" data-parent-container=\".fusion-image-element\" srcset=\"data:image\/svg+xml,%3Csvg%20xmlns%3D%27http%3A%2F%2Fwww.w3.org%2F2000%2Fsvg%27%20width%3D%27711%27%20height%3D%27400%27%20viewBox%3D%270%200%20711%20400%27%3E%3Crect%20width%3D%27711%27%20height%3D%27400%27%20fill-opacity%3D%220%22%2F%3E%3C%2Fsvg%3E\" data-srcset=\"https:\/\/sysdil.es\/wp-content\/uploads\/2023\/07\/orovivosancugat-200x113.webp 200w, https:\/\/sysdil.es\/wp-content\/uploads\/2023\/07\/orovivosancugat-400x225.webp 400w, https:\/\/sysdil.es\/wp-content\/uploads\/2023\/07\/orovivosancugat-600x338.webp 600w, https:\/\/sysdil.es\/wp-content\/uploads\/2023\/07\/orovivosancugat.webp 711w\" data-sizes=\"auto\" data-orig-sizes=\"(max-width: 1024px) 100vw, (max-width: 800px) 100vw, 711px\" title=\"\" data-orig-><div class=\"awb-imageframe-caption-container\"><div class=\"awb-imageframe-caption\"><h2 class=\"awb-imageframe-caption-title\">ORO VIVO SAN CUGAT<\/h2><\/div><\/div><\/a><\/span><\/div><\/div><\/li>\n<li class=\"fusion-layout-column fusion_builder_column fusion-builder-column-15 fusion-flex-column post-card fusion-grid-column fusion-post-cards-grid-column centros-comerciais contagem-de-pessoas\" style=\"--awb-bg-size:cover;--awb-flex-grow:0;--awb-flex-shrink:0;--awb-flex-grow-medium:0;--awb-flex-shrink-medium:0;--awb-flex-grow-small:0;--awb-flex-shrink-small:0;\"><div class=\"fusion-column-wrapper fusion-flex-justify-content-flex-start fusion-content-layout-column\"><div class=\"fusion-image-element \" style=\"--awb-aspect-ratio:1 \/ 1;--awb-margin-bottom:10px;--awb-caption-title-font-family:var(--h2_typography-font-family);--awb-caption-title-font-weight:var(--h2_typography-font-weight);--awb-caption-title-font-style:var(--h2_typography-font-style);--awb-caption-title-size:14px;--awb-caption-title-transform:var(--h2_typography-text-transform);--awb-caption-title-line-height:var(--h2_typography-line-height);--awb-caption-title-letter-spacing:var(--h2_typography-letter-spacing);\"><span class=\" fusion-imageframe imageframe-none imageframe-15 awb-imageframe-style awb-imageframe-style-navin has-aspect-ratio\"><a class=\"fusion-no-lightbox\" href=\"https:\/\/sysdil.es\/pt-pt\/centro-comercial-coimbra-shopping\/\" target=\"_self\" aria-label=\"entrada\"><img decoding=\"async\" width=\"1347\" height=\"800\" alt=\"CENTRO COMERCIAL COIMBRA SHOPPING\" src=\"https:\/\/sysdil.es\/wp-content\/uploads\/2023\/07\/entrada.webp\" data-orig-src=\"https:\/\/sysdil.es\/wp-content\/uploads\/2023\/07\/entrada.webp\" class=\"lazyload img-responsive wp-image-97018 img-with-aspect-ratio\" data-parent-fit=\"cover\" data-parent-container=\".fusion-image-element\" srcset=\"data:image\/svg+xml,%3Csvg%20xmlns%3D%27http%3A%2F%2Fwww.w3.org%2F2000%2Fsvg%27%20width%3D%271347%27%20height%3D%27800%27%20viewBox%3D%270%200%201347%20800%27%3E%3Crect%20width%3D%271347%27%20height%3D%27800%27%20fill-opacity%3D%220%22%2F%3E%3C%2Fsvg%3E\" data-srcset=\"https:\/\/sysdil.es\/wp-content\/uploads\/2023\/07\/entrada-200x119.webp 200w, https:\/\/sysdil.es\/wp-content\/uploads\/2023\/07\/entrada-400x238.webp 400w, https:\/\/sysdil.es\/wp-content\/uploads\/2023\/07\/entrada-600x356.webp 600w, https:\/\/sysdil.es\/wp-content\/uploads\/2023\/07\/entrada-800x475.webp 800w, https:\/\/sysdil.es\/wp-content\/uploads\/2023\/07\/entrada-1200x713.webp 1200w, https:\/\/sysdil.es\/wp-content\/uploads\/2023\/07\/entrada.webp 1347w\" data-sizes=\"auto\" data-orig-sizes=\"(max-width: 1024px) 100vw, (max-width: 800px) 100vw, 1347px\" title=\"\" data-orig-><div class=\"awb-imageframe-caption-container\"><div class=\"awb-imageframe-caption\"><h2 class=\"awb-imageframe-caption-title\">CENTRO COMERCIAL COIMBRA SHOPPING<\/h2><\/div><\/div><\/a><\/span><\/div><\/div><\/li>\n<li class=\"fusion-layout-column fusion_builder_column fusion-builder-column-16 fusion-flex-column post-card fusion-grid-column fusion-post-cards-grid-column centros-comerciais contagem-de-pessoas\" style=\"--awb-bg-size:cover;--awb-flex-grow:0;--awb-flex-shrink:0;--awb-flex-grow-medium:0;--awb-flex-shrink-medium:0;--awb-flex-grow-small:0;--awb-flex-shrink-small:0;\"><div class=\"fusion-column-wrapper fusion-flex-justify-content-flex-start fusion-content-layout-column\"><div class=\"fusion-image-element \" style=\"--awb-aspect-ratio:1 \/ 1;--awb-margin-bottom:10px;--awb-caption-title-font-family:var(--h2_typography-font-family);--awb-caption-title-font-weight:var(--h2_typography-font-weight);--awb-caption-title-font-style:var(--h2_typography-font-style);--awb-caption-title-size:14px;--awb-caption-title-transform:var(--h2_typography-text-transform);--awb-caption-title-line-height:var(--h2_typography-line-height);--awb-caption-title-letter-spacing:var(--h2_typography-letter-spacing);\"><span class=\" fusion-imageframe imageframe-none imageframe-16 awb-imageframe-style awb-imageframe-style-navin has-aspect-ratio\"><a class=\"fusion-no-lightbox\" href=\"https:\/\/sysdil.es\/pt-pt\/centro-comercial-la-zenia-bulevar\/\" target=\"_self\" aria-label=\"entrada-la-zenia\"><img decoding=\"async\" width=\"1400\" height=\"784\" alt=\"CENTRO COMERCIAL LA ZENIA BULEVAR\" src=\"https:\/\/sysdil.es\/wp-content\/uploads\/2023\/07\/entrada-la-zenia.webp\" data-orig-src=\"https:\/\/sysdil.es\/wp-content\/uploads\/2023\/07\/entrada-la-zenia.webp\" class=\"lazyload img-responsive wp-image-97026 img-with-aspect-ratio\" data-parent-fit=\"cover\" data-parent-container=\".fusion-image-element\" srcset=\"data:image\/svg+xml,%3Csvg%20xmlns%3D%27http%3A%2F%2Fwww.w3.org%2F2000%2Fsvg%27%20width%3D%271400%27%20height%3D%27784%27%20viewBox%3D%270%200%201400%20784%27%3E%3Crect%20width%3D%271400%27%20height%3D%27784%27%20fill-opacity%3D%220%22%2F%3E%3C%2Fsvg%3E\" data-srcset=\"https:\/\/sysdil.es\/wp-content\/uploads\/2023\/07\/entrada-la-zenia-200x112.webp 200w, https:\/\/sysdil.es\/wp-content\/uploads\/2023\/07\/entrada-la-zenia-400x224.webp 400w, https:\/\/sysdil.es\/wp-content\/uploads\/2023\/07\/entrada-la-zenia-600x336.webp 600w, https:\/\/sysdil.es\/wp-content\/uploads\/2023\/07\/entrada-la-zenia-800x448.webp 800w, https:\/\/sysdil.es\/wp-content\/uploads\/2023\/07\/entrada-la-zenia-1200x672.webp 1200w, https:\/\/sysdil.es\/wp-content\/uploads\/2023\/07\/entrada-la-zenia.webp 1400w\" data-sizes=\"auto\" data-orig-sizes=\"(max-width: 1024px) 100vw, (max-width: 800px) 100vw, 1400px\" title=\"\" data-orig-><div class=\"awb-imageframe-caption-container\"><div class=\"awb-imageframe-caption\"><h2 class=\"awb-imageframe-caption-title\">CENTRO COMERCIAL LA ZENIA BULEVARD<\/h2><\/div><\/div><\/a><\/span><\/div><\/div><\/li>\n<li class=\"fusion-layout-column fusion_builder_column fusion-builder-column-17 fusion-flex-column post-card fusion-grid-column fusion-post-cards-grid-column antifurto contagem-de-pessoas\" style=\"--awb-bg-size:cover;--awb-flex-grow:0;--awb-flex-shrink:0;--awb-flex-grow-medium:0;--awb-flex-shrink-medium:0;--awb-flex-grow-small:0;--awb-flex-shrink-small:0;\"><div class=\"fusion-column-wrapper fusion-flex-justify-content-flex-start fusion-content-layout-column\"><div class=\"fusion-image-element \" style=\"--awb-aspect-ratio:1 \/ 1;--awb-margin-bottom:10px;--awb-caption-title-font-family:var(--h2_typography-font-family);--awb-caption-title-font-weight:var(--h2_typography-font-weight);--awb-caption-title-font-style:var(--h2_typography-font-style);--awb-caption-title-size:14px;--awb-caption-title-transform:var(--h2_typography-text-transform);--awb-caption-title-line-height:var(--h2_typography-line-height);--awb-caption-title-letter-spacing:var(--h2_typography-letter-spacing);\"><span class=\" fusion-imageframe imageframe-none imageframe-17 awb-imageframe-style awb-imageframe-style-navin has-aspect-ratio\"><a class=\"fusion-no-lightbox\" href=\"https:\/\/sysdil.es\/pt-pt\/jardines-cervezas-alhambra\/\" target=\"_self\" aria-label=\"carrusel-madrid-jardin-00\"><img decoding=\"async\" width=\"1200\" height=\"800\" alt=\"LOS JARDINES CERVEZAS ALHAMBRA\" src=\"https:\/\/sysdil.es\/wp-content\/uploads\/2023\/07\/carrusel-madrid-jardin-00.webp\" data-orig-src=\"https:\/\/sysdil.es\/wp-content\/uploads\/2023\/07\/carrusel-madrid-jardin-00.webp\" class=\"lazyload img-responsive wp-image-97032 img-with-aspect-ratio\" data-parent-fit=\"cover\" data-parent-container=\".fusion-image-element\" srcset=\"data:image\/svg+xml,%3Csvg%20xmlns%3D%27http%3A%2F%2Fwww.w3.org%2F2000%2Fsvg%27%20width%3D%271200%27%20height%3D%27800%27%20viewBox%3D%270%200%201200%20800%27%3E%3Crect%20width%3D%271200%27%20height%3D%27800%27%20fill-opacity%3D%220%22%2F%3E%3C%2Fsvg%3E\" data-srcset=\"https:\/\/sysdil.es\/wp-content\/uploads\/2023\/07\/carrusel-madrid-jardin-00-200x133.webp 200w, https:\/\/sysdil.es\/wp-content\/uploads\/2023\/07\/carrusel-madrid-jardin-00-400x267.webp 400w, https:\/\/sysdil.es\/wp-content\/uploads\/2023\/07\/carrusel-madrid-jardin-00-600x400.webp 600w, https:\/\/sysdil.es\/wp-content\/uploads\/2023\/07\/carrusel-madrid-jardin-00-800x533.webp 800w, https:\/\/sysdil.es\/wp-content\/uploads\/2023\/07\/carrusel-madrid-jardin-00.webp 1200w\" data-sizes=\"auto\" data-orig-sizes=\"(max-width: 1024px) 100vw, (max-width: 800px) 100vw, 1200px\" title=\"\" data-orig-><div class=\"awb-imageframe-caption-container\"><div class=\"awb-imageframe-caption\"><h2 class=\"awb-imageframe-caption-title\">JARDINES CERVEZAS ALHAMBRA<\/h2><\/div><\/div><\/a><\/span><\/div><\/div><\/li>\n<li class=\"fusion-layout-column fusion_builder_column fusion-builder-column-18 fusion-flex-column post-card fusion-grid-column fusion-post-cards-grid-column contagem-de-pessoas\" style=\"--awb-bg-size:cover;--awb-flex-grow:0;--awb-flex-shrink:0;--awb-flex-grow-medium:0;--awb-flex-shrink-medium:0;--awb-flex-grow-small:0;--awb-flex-shrink-small:0;\"><div class=\"fusion-column-wrapper fusion-flex-justify-content-flex-start fusion-content-layout-column\"><div class=\"fusion-image-element \" style=\"--awb-aspect-ratio:1 \/ 1;--awb-margin-bottom:10px;--awb-caption-title-font-family:var(--h2_typography-font-family);--awb-caption-title-font-weight:var(--h2_typography-font-weight);--awb-caption-title-font-style:var(--h2_typography-font-style);--awb-caption-title-size:14px;--awb-caption-title-transform:var(--h2_typography-text-transform);--awb-caption-title-line-height:var(--h2_typography-line-height);--awb-caption-title-letter-spacing:var(--h2_typography-letter-spacing);\"><span class=\" fusion-imageframe imageframe-none imageframe-18 awb-imageframe-style awb-imageframe-style-navin has-aspect-ratio\"><a class=\"fusion-no-lightbox\" href=\"https:\/\/sysdil.es\/pt-pt\/xperience-parque-la-rioja\/\" target=\"_self\" aria-label=\"plus-slide-5-1\"><img decoding=\"async\" width=\"1400\" height=\"420\" alt=\"XPERIENCE PARQUE LA RIOJA\" src=\"https:\/\/sysdil.es\/wp-content\/uploads\/2023\/07\/plus-slide-5-1.webp\" data-orig-src=\"https:\/\/sysdil.es\/wp-content\/uploads\/2023\/07\/plus-slide-5-1.webp\" class=\"lazyload img-responsive wp-image-97044 img-with-aspect-ratio\" data-parent-fit=\"cover\" data-parent-container=\".fusion-image-element\" srcset=\"data:image\/svg+xml,%3Csvg%20xmlns%3D%27http%3A%2F%2Fwww.w3.org%2F2000%2Fsvg%27%20width%3D%271400%27%20height%3D%27420%27%20viewBox%3D%270%200%201400%20420%27%3E%3Crect%20width%3D%271400%27%20height%3D%27420%27%20fill-opacity%3D%220%22%2F%3E%3C%2Fsvg%3E\" data-srcset=\"https:\/\/sysdil.es\/wp-content\/uploads\/2023\/07\/plus-slide-5-1-200x60.webp 200w, https:\/\/sysdil.es\/wp-content\/uploads\/2023\/07\/plus-slide-5-1-400x120.webp 400w, https:\/\/sysdil.es\/wp-content\/uploads\/2023\/07\/plus-slide-5-1-600x180.webp 600w, https:\/\/sysdil.es\/wp-content\/uploads\/2023\/07\/plus-slide-5-1-800x240.webp 800w, https:\/\/sysdil.es\/wp-content\/uploads\/2023\/07\/plus-slide-5-1-1200x360.webp 1200w, https:\/\/sysdil.es\/wp-content\/uploads\/2023\/07\/plus-slide-5-1.webp 1400w\" data-sizes=\"auto\" data-orig-sizes=\"(max-width: 1024px) 100vw, (max-width: 800px) 100vw, 1400px\" title=\"\" data-orig-><div class=\"awb-imageframe-caption-container\"><div class=\"awb-imageframe-caption\"><h2 class=\"awb-imageframe-caption-title\">XPERIENCE PARQUE LA RIOJA<\/h2><\/div><\/div><\/a><\/span><\/div><\/div><\/li>\n<li class=\"fusion-layout-column fusion_builder_column fusion-builder-column-19 fusion-flex-column post-card fusion-grid-column fusion-post-cards-grid-column contagem-de-pessoas loja-de-moda\" style=\"--awb-bg-size:cover;--awb-flex-grow:0;--awb-flex-shrink:0;--awb-flex-grow-medium:0;--awb-flex-shrink-medium:0;--awb-flex-grow-small:0;--awb-flex-shrink-small:0;\"><div class=\"fusion-column-wrapper fusion-flex-justify-content-flex-start fusion-content-layout-column\"><div class=\"fusion-image-element \" style=\"--awb-aspect-ratio:1 \/ 1;--awb-margin-bottom:10px;--awb-caption-title-font-family:var(--h2_typography-font-family);--awb-caption-title-font-weight:var(--h2_typography-font-weight);--awb-caption-title-font-style:var(--h2_typography-font-style);--awb-caption-title-size:14px;--awb-caption-title-transform:var(--h2_typography-text-transform);--awb-caption-title-line-height:var(--h2_typography-line-height);--awb-caption-title-letter-spacing:var(--h2_typography-letter-spacing);\"><span class=\" fusion-imageframe imageframe-none imageframe-19 awb-imageframe-style awb-imageframe-style-navin has-aspect-ratio\"><a class=\"fusion-no-lightbox\" href=\"https:\/\/sysdil.es\/pt-pt\/jimmy-lion\/\" target=\"_self\" aria-label=\"Jimmy-Fuencarral\"><img decoding=\"async\" width=\"1128\" height=\"632\" alt=\"JIMMY LION\" src=\"https:\/\/sysdil.es\/wp-content\/uploads\/2023\/07\/Jimmy-Fuencarral.jpg\" data-orig-src=\"https:\/\/sysdil.es\/wp-content\/uploads\/2023\/07\/Jimmy-Fuencarral.jpg\" class=\"lazyload img-responsive wp-image-97062 img-with-aspect-ratio\" data-parent-fit=\"cover\" data-parent-container=\".fusion-image-element\" srcset=\"data:image\/svg+xml,%3Csvg%20xmlns%3D%27http%3A%2F%2Fwww.w3.org%2F2000%2Fsvg%27%20width%3D%271128%27%20height%3D%27632%27%20viewBox%3D%270%200%201128%20632%27%3E%3Crect%20width%3D%271128%27%20height%3D%27632%27%20fill-opacity%3D%220%22%2F%3E%3C%2Fsvg%3E\" data-srcset=\"https:\/\/sysdil.es\/wp-content\/uploads\/2023\/07\/Jimmy-Fuencarral-200x112.jpg 200w, https:\/\/sysdil.es\/wp-content\/uploads\/2023\/07\/Jimmy-Fuencarral-400x224.jpg 400w, https:\/\/sysdil.es\/wp-content\/uploads\/2023\/07\/Jimmy-Fuencarral-600x336.jpg 600w, https:\/\/sysdil.es\/wp-content\/uploads\/2023\/07\/Jimmy-Fuencarral-800x448.jpg 800w, https:\/\/sysdil.es\/wp-content\/uploads\/2023\/07\/Jimmy-Fuencarral.jpg 1128w\" data-sizes=\"auto\" data-orig-sizes=\"(max-width: 1024px) 100vw, (max-width: 800px) 100vw, 1128px\" title=\"\" data-orig-><div class=\"awb-imageframe-caption-container\"><div class=\"awb-imageframe-caption\"><h2 class=\"awb-imageframe-caption-title\">JIMMY LION<\/h2><\/div><\/div><\/a><\/span><\/div><\/div><\/li>\n<li class=\"fusion-layout-column fusion_builder_column fusion-builder-column-20 fusion-flex-column post-card fusion-grid-column fusion-post-cards-grid-column antifurto contagem-de-pessoas\" style=\"--awb-bg-size:cover;--awb-flex-grow:0;--awb-flex-shrink:0;--awb-flex-grow-medium:0;--awb-flex-shrink-medium:0;--awb-flex-grow-small:0;--awb-flex-shrink-small:0;\"><div class=\"fusion-column-wrapper fusion-flex-justify-content-flex-start fusion-content-layout-column\"><div class=\"fusion-image-element \" style=\"--awb-aspect-ratio:1 \/ 1;--awb-margin-bottom:10px;--awb-caption-title-font-family:var(--h2_typography-font-family);--awb-caption-title-font-weight:var(--h2_typography-font-weight);--awb-caption-title-font-style:var(--h2_typography-font-style);--awb-caption-title-size:14px;--awb-caption-title-transform:var(--h2_typography-text-transform);--awb-caption-title-line-height:var(--h2_typography-line-height);--awb-caption-title-letter-spacing:var(--h2_typography-letter-spacing);\"><span class=\" fusion-imageframe imageframe-none imageframe-20 awb-imageframe-style awb-imageframe-style-navin has-aspect-ratio\"><a class=\"fusion-no-lightbox\" href=\"https:\/\/sysdil.es\/pt-pt\/multiopticas-2\/\" target=\"_self\" aria-label=\"multiopticas-Granada-Acera\"><img decoding=\"async\" width=\"1400\" height=\"762\" alt=\"MULTIOPTICAS GRANADA\" src=\"https:\/\/sysdil.es\/wp-content\/uploads\/2023\/07\/multiopticas-Granada-Acera.webp\" data-orig-src=\"https:\/\/sysdil.es\/wp-content\/uploads\/2023\/07\/multiopticas-Granada-Acera.webp\" class=\"lazyload img-responsive wp-image-97072 img-with-aspect-ratio\" data-parent-fit=\"cover\" data-parent-container=\".fusion-image-element\" srcset=\"data:image\/svg+xml,%3Csvg%20xmlns%3D%27http%3A%2F%2Fwww.w3.org%2F2000%2Fsvg%27%20width%3D%271400%27%20height%3D%27762%27%20viewBox%3D%270%200%201400%20762%27%3E%3Crect%20width%3D%271400%27%20height%3D%27762%27%20fill-opacity%3D%220%22%2F%3E%3C%2Fsvg%3E\" data-srcset=\"https:\/\/sysdil.es\/wp-content\/uploads\/2023\/07\/multiopticas-Granada-Acera-200x109.webp 200w, https:\/\/sysdil.es\/wp-content\/uploads\/2023\/07\/multiopticas-Granada-Acera-400x218.webp 400w, https:\/\/sysdil.es\/wp-content\/uploads\/2023\/07\/multiopticas-Granada-Acera-600x327.webp 600w, https:\/\/sysdil.es\/wp-content\/uploads\/2023\/07\/multiopticas-Granada-Acera-800x435.webp 800w, https:\/\/sysdil.es\/wp-content\/uploads\/2023\/07\/multiopticas-Granada-Acera-1200x653.webp 1200w, https:\/\/sysdil.es\/wp-content\/uploads\/2023\/07\/multiopticas-Granada-Acera.webp 1400w\" data-sizes=\"auto\" data-orig-sizes=\"(max-width: 1024px) 100vw, (max-width: 800px) 100vw, 1400px\" title=\"\" data-orig-><div class=\"awb-imageframe-caption-container\"><div class=\"awb-imageframe-caption\"><h2 class=\"awb-imageframe-caption-title\">MULTIOPTICAS<\/h2><\/div><\/div><\/a><\/span><\/div><\/div><\/li>\n<li class=\"fusion-layout-column fusion_builder_column fusion-builder-column-21 fusion-flex-column post-card fusion-grid-column fusion-post-cards-grid-column antifurto\" style=\"--awb-bg-size:cover;--awb-flex-grow:0;--awb-flex-shrink:0;--awb-flex-grow-medium:0;--awb-flex-shrink-medium:0;--awb-flex-grow-small:0;--awb-flex-shrink-small:0;\"><div class=\"fusion-column-wrapper fusion-flex-justify-content-flex-start fusion-content-layout-column\"><div class=\"fusion-image-element \" style=\"--awb-aspect-ratio:1 \/ 1;--awb-margin-bottom:10px;--awb-caption-title-font-family:var(--h2_typography-font-family);--awb-caption-title-font-weight:var(--h2_typography-font-weight);--awb-caption-title-font-style:var(--h2_typography-font-style);--awb-caption-title-size:14px;--awb-caption-title-transform:var(--h2_typography-text-transform);--awb-caption-title-line-height:var(--h2_typography-line-height);--awb-caption-title-letter-spacing:var(--h2_typography-letter-spacing);\"><span class=\" fusion-imageframe imageframe-none imageframe-21 awb-imageframe-style awb-imageframe-style-navin has-aspect-ratio\"><a class=\"fusion-no-lightbox\" href=\"https:\/\/sysdil.es\/pt-pt\/viagens-pangea\/\" target=\"_self\" aria-label=\"fachada-scaled-1\"><img decoding=\"async\" width=\"505\" height=\"800\" alt=\"PANGEA VIAJES\" src=\"https:\/\/sysdil.es\/wp-content\/uploads\/2023\/07\/fachada-scaled-1.webp\" data-orig-src=\"https:\/\/sysdil.es\/wp-content\/uploads\/2023\/07\/fachada-scaled-1.webp\" class=\"lazyload img-responsive wp-image-97080 img-with-aspect-ratio\" data-parent-fit=\"cover\" data-parent-container=\".fusion-image-element\" srcset=\"data:image\/svg+xml,%3Csvg%20xmlns%3D%27http%3A%2F%2Fwww.w3.org%2F2000%2Fsvg%27%20width%3D%27505%27%20height%3D%27800%27%20viewBox%3D%270%200%20505%20800%27%3E%3Crect%20width%3D%27505%27%20height%3D%27800%27%20fill-opacity%3D%220%22%2F%3E%3C%2Fsvg%3E\" data-srcset=\"https:\/\/sysdil.es\/wp-content\/uploads\/2023\/07\/fachada-scaled-1-200x317.webp 200w, https:\/\/sysdil.es\/wp-content\/uploads\/2023\/07\/fachada-scaled-1-400x634.webp 400w, https:\/\/sysdil.es\/wp-content\/uploads\/2023\/07\/fachada-scaled-1.webp 505w\" data-sizes=\"auto\" data-orig-sizes=\"(max-width: 1024px) 100vw, (max-width: 800px) 100vw, 505px\" title=\"\" data-orig-><div class=\"awb-imageframe-caption-container\"><div class=\"awb-imageframe-caption\"><h2 class=\"awb-imageframe-caption-title\">VIAGENS PANGEA<\/h2><\/div><\/div><\/a><\/span><\/div><\/div><\/li>\n<li class=\"fusion-layout-column fusion_builder_column fusion-builder-column-22 fusion-flex-column post-card fusion-grid-column fusion-post-cards-grid-column sin-categorizar\" style=\"--awb-bg-size:cover;--awb-flex-grow:0;--awb-flex-shrink:0;--awb-flex-grow-medium:0;--awb-flex-shrink-medium:0;--awb-flex-grow-small:0;--awb-flex-shrink-small:0;\"><div class=\"fusion-column-wrapper fusion-flex-justify-content-flex-start fusion-content-layout-column\"><div class=\"fusion-image-element \" style=\"--awb-aspect-ratio:1 \/ 1;--awb-margin-bottom:10px;--awb-caption-title-font-family:var(--h2_typography-font-family);--awb-caption-title-font-weight:var(--h2_typography-font-weight);--awb-caption-title-font-style:var(--h2_typography-font-style);--awb-caption-title-size:14px;--awb-caption-title-transform:var(--h2_typography-text-transform);--awb-caption-title-line-height:var(--h2_typography-line-height);--awb-caption-title-letter-spacing:var(--h2_typography-letter-spacing);\"><span class=\" fusion-imageframe imageframe-none imageframe-22 awb-imageframe-style awb-imageframe-style-navin has-aspect-ratio\"><a class=\"fusion-no-lightbox\" href=\"https:\/\/sysdil.es\/pt-pt\/pc-componentes\/\" target=\"_self\" aria-label=\"pccomponentes_Murcia-1024&#215;768\"><img decoding=\"async\" width=\"1024\" height=\"768\" alt=\"PC COMPONENTES\" src=\"https:\/\/sysdil.es\/wp-content\/uploads\/2023\/07\/pccomponentes_Murcia-1024x768-1.webp\" data-orig-src=\"https:\/\/sysdil.es\/wp-content\/uploads\/2023\/07\/pccomponentes_Murcia-1024x768-1.webp\" class=\"lazyload img-responsive wp-image-97089 img-with-aspect-ratio\" data-parent-fit=\"cover\" data-parent-container=\".fusion-image-element\" srcset=\"data:image\/svg+xml,%3Csvg%20xmlns%3D%27http%3A%2F%2Fwww.w3.org%2F2000%2Fsvg%27%20width%3D%271024%27%20height%3D%27768%27%20viewBox%3D%270%200%201024%20768%27%3E%3Crect%20width%3D%271024%27%20height%3D%27768%27%20fill-opacity%3D%220%22%2F%3E%3C%2Fsvg%3E\" data-srcset=\"https:\/\/sysdil.es\/wp-content\/uploads\/2023\/07\/pccomponentes_Murcia-1024x768-1-200x150.webp 200w, https:\/\/sysdil.es\/wp-content\/uploads\/2023\/07\/pccomponentes_Murcia-1024x768-1-400x300.webp 400w, https:\/\/sysdil.es\/wp-content\/uploads\/2023\/07\/pccomponentes_Murcia-1024x768-1-600x450.webp 600w, https:\/\/sysdil.es\/wp-content\/uploads\/2023\/07\/pccomponentes_Murcia-1024x768-1-800x600.webp 800w, https:\/\/sysdil.es\/wp-content\/uploads\/2023\/07\/pccomponentes_Murcia-1024x768-1.webp 1024w\" data-sizes=\"auto\" data-orig-sizes=\"(max-width: 1024px) 100vw, (max-width: 800px) 100vw, 1024px\" title=\"\" data-orig-><div class=\"awb-imageframe-caption-container\"><div class=\"awb-imageframe-caption\"><h2 class=\"awb-imageframe-caption-title\">PC COMPONENTES<\/h2><\/div><\/div><\/a><\/span><\/div><\/div><\/li>\n<li class=\"fusion-layout-column fusion_builder_column fusion-builder-column-23 fusion-flex-column post-card fusion-grid-column fusion-post-cards-grid-column contagem-de-pessoas moda-e-acessorios\" style=\"--awb-bg-size:cover;--awb-flex-grow:0;--awb-flex-shrink:0;--awb-flex-grow-medium:0;--awb-flex-shrink-medium:0;--awb-flex-grow-small:0;--awb-flex-shrink-small:0;\"><div class=\"fusion-column-wrapper fusion-flex-justify-content-flex-start fusion-content-layout-column\"><div class=\"fusion-image-element \" style=\"--awb-aspect-ratio:1 \/ 1;--awb-margin-bottom:10px;--awb-caption-title-font-family:var(--h2_typography-font-family);--awb-caption-title-font-weight:var(--h2_typography-font-weight);--awb-caption-title-font-style:var(--h2_typography-font-style);--awb-caption-title-size:14px;--awb-caption-title-transform:var(--h2_typography-text-transform);--awb-caption-title-line-height:var(--h2_typography-line-height);--awb-caption-title-letter-spacing:var(--h2_typography-letter-spacing);\"><span class=\" fusion-imageframe imageframe-none imageframe-23 awb-imageframe-style awb-imageframe-style-navin has-aspect-ratio\"><a class=\"fusion-no-lightbox\" href=\"https:\/\/sysdil.es\/pt-pt\/tumi-2\/\" target=\"_self\" aria-label=\"20180530_120308-1024&#215;768\"><img decoding=\"async\" width=\"1024\" height=\"768\" alt=\"tumi\" src=\"https:\/\/sysdil.es\/wp-content\/uploads\/2023\/07\/20180530_120308-1024x768-1.webp\" data-orig-src=\"https:\/\/sysdil.es\/wp-content\/uploads\/2023\/07\/20180530_120308-1024x768-1.webp\" class=\"lazyload img-responsive wp-image-97103 img-with-aspect-ratio\" data-parent-fit=\"cover\" data-parent-container=\".fusion-image-element\" srcset=\"data:image\/svg+xml,%3Csvg%20xmlns%3D%27http%3A%2F%2Fwww.w3.org%2F2000%2Fsvg%27%20width%3D%271024%27%20height%3D%27768%27%20viewBox%3D%270%200%201024%20768%27%3E%3Crect%20width%3D%271024%27%20height%3D%27768%27%20fill-opacity%3D%220%22%2F%3E%3C%2Fsvg%3E\" data-srcset=\"https:\/\/sysdil.es\/wp-content\/uploads\/2023\/07\/20180530_120308-1024x768-1-200x150.webp 200w, https:\/\/sysdil.es\/wp-content\/uploads\/2023\/07\/20180530_120308-1024x768-1-400x300.webp 400w, https:\/\/sysdil.es\/wp-content\/uploads\/2023\/07\/20180530_120308-1024x768-1-600x450.webp 600w, https:\/\/sysdil.es\/wp-content\/uploads\/2023\/07\/20180530_120308-1024x768-1-800x600.webp 800w, https:\/\/sysdil.es\/wp-content\/uploads\/2023\/07\/20180530_120308-1024x768-1.webp 1024w\" data-sizes=\"auto\" data-orig-sizes=\"(max-width: 1024px) 100vw, (max-width: 800px) 100vw, 1024px\" title=\"\" data-orig-><div class=\"awb-imageframe-caption-container\"><div class=\"awb-imageframe-caption\"><h2 class=\"awb-imageframe-caption-title\">TUMI<\/h2><\/div><\/div><\/a><\/span><\/div><\/div><\/li>\n<li class=\"fusion-layout-column fusion_builder_column fusion-builder-column-24 fusion-flex-column post-card fusion-grid-column fusion-post-cards-grid-column antifurto contagem-de-pessoas loja-de-moda moda-e-acessorios\" style=\"--awb-bg-size:cover;--awb-flex-grow:0;--awb-flex-shrink:0;--awb-flex-grow-medium:0;--awb-flex-shrink-medium:0;--awb-flex-grow-small:0;--awb-flex-shrink-small:0;\"><div class=\"fusion-column-wrapper fusion-flex-justify-content-flex-start fusion-content-layout-column\"><div class=\"fusion-image-element \" style=\"--awb-aspect-ratio:1 \/ 1;--awb-margin-bottom:10px;--awb-caption-title-font-family:var(--h2_typography-font-family);--awb-caption-title-font-weight:var(--h2_typography-font-weight);--awb-caption-title-font-style:var(--h2_typography-font-style);--awb-caption-title-size:14px;--awb-caption-title-transform:var(--h2_typography-text-transform);--awb-caption-title-line-height:var(--h2_typography-line-height);--awb-caption-title-letter-spacing:var(--h2_typography-letter-spacing);\"><span class=\" fusion-imageframe imageframe-none imageframe-24 awb-imageframe-style awb-imageframe-style-navin has-aspect-ratio\"><a class=\"fusion-no-lightbox\" href=\"https:\/\/sysdil.es\/pt-pt\/samsonite\/\" target=\"_self\" aria-label=\"IMG_2307\"><img decoding=\"async\" width=\"1067\" height=\"800\" alt=\"SAMSONITE\" src=\"https:\/\/sysdil.es\/wp-content\/uploads\/2023\/07\/IMG_2307.webp\" data-orig-src=\"https:\/\/sysdil.es\/wp-content\/uploads\/2023\/07\/IMG_2307.webp\" class=\"lazyload img-responsive wp-image-97110 img-with-aspect-ratio\" data-parent-fit=\"cover\" data-parent-container=\".fusion-image-element\" srcset=\"data:image\/svg+xml,%3Csvg%20xmlns%3D%27http%3A%2F%2Fwww.w3.org%2F2000%2Fsvg%27%20width%3D%271067%27%20height%3D%27800%27%20viewBox%3D%270%200%201067%20800%27%3E%3Crect%20width%3D%271067%27%20height%3D%27800%27%20fill-opacity%3D%220%22%2F%3E%3C%2Fsvg%3E\" data-srcset=\"https:\/\/sysdil.es\/wp-content\/uploads\/2023\/07\/IMG_2307-200x150.webp 200w, https:\/\/sysdil.es\/wp-content\/uploads\/2023\/07\/IMG_2307-400x300.webp 400w, https:\/\/sysdil.es\/wp-content\/uploads\/2023\/07\/IMG_2307-600x450.webp 600w, https:\/\/sysdil.es\/wp-content\/uploads\/2023\/07\/IMG_2307-800x600.webp 800w, https:\/\/sysdil.es\/wp-content\/uploads\/2023\/07\/IMG_2307.webp 1067w\" data-sizes=\"auto\" data-orig-sizes=\"(max-width: 1024px) 100vw, (max-width: 800px) 100vw, 1067px\" title=\"\" data-orig-><div class=\"awb-imageframe-caption-container\"><div class=\"awb-imageframe-caption\"><h2 class=\"awb-imageframe-caption-title\">SAMSONITE LAS ROZAS<\/h2><\/div><\/div><\/a><\/span><\/div><\/div><\/li>\n<li class=\"fusion-layout-column fusion_builder_column fusion-builder-column-25 fusion-flex-column post-card fusion-grid-column fusion-post-cards-grid-column antifurto contagem-de-pessoas\" style=\"--awb-bg-size:cover;--awb-flex-grow:0;--awb-flex-shrink:0;--awb-flex-grow-medium:0;--awb-flex-shrink-medium:0;--awb-flex-grow-small:0;--awb-flex-shrink-small:0;\"><div class=\"fusion-column-wrapper fusion-flex-justify-content-flex-start fusion-content-layout-column\"><div class=\"fusion-image-element \" style=\"--awb-aspect-ratio:1 \/ 1;--awb-margin-bottom:10px;--awb-caption-title-font-family:var(--h2_typography-font-family);--awb-caption-title-font-weight:var(--h2_typography-font-weight);--awb-caption-title-font-style:var(--h2_typography-font-style);--awb-caption-title-size:14px;--awb-caption-title-transform:var(--h2_typography-text-transform);--awb-caption-title-line-height:var(--h2_typography-line-height);--awb-caption-title-letter-spacing:var(--h2_typography-letter-spacing);\"><span class=\" fusion-imageframe imageframe-none imageframe-25 awb-imageframe-style awb-imageframe-style-navin has-aspect-ratio\"><a class=\"fusion-no-lightbox\" href=\"https:\/\/sysdil.es\/pt-pt\/verdecora\/\" target=\"_self\" aria-label=\"IMG-20200529-WA0020-1024&#215;768\"><img decoding=\"async\" width=\"1024\" height=\"768\" alt=\"VERDECORA\" src=\"https:\/\/sysdil.es\/wp-content\/uploads\/2023\/07\/IMG-20200529-WA0020-1024x768-1.webp\" data-orig-src=\"https:\/\/sysdil.es\/wp-content\/uploads\/2023\/07\/IMG-20200529-WA0020-1024x768-1.webp\" class=\"lazyload img-responsive wp-image-97116 img-with-aspect-ratio\" data-parent-fit=\"cover\" data-parent-container=\".fusion-image-element\" srcset=\"data:image\/svg+xml,%3Csvg%20xmlns%3D%27http%3A%2F%2Fwww.w3.org%2F2000%2Fsvg%27%20width%3D%271024%27%20height%3D%27768%27%20viewBox%3D%270%200%201024%20768%27%3E%3Crect%20width%3D%271024%27%20height%3D%27768%27%20fill-opacity%3D%220%22%2F%3E%3C%2Fsvg%3E\" data-srcset=\"https:\/\/sysdil.es\/wp-content\/uploads\/2023\/07\/IMG-20200529-WA0020-1024x768-1-200x150.webp 200w, https:\/\/sysdil.es\/wp-content\/uploads\/2023\/07\/IMG-20200529-WA0020-1024x768-1-400x300.webp 400w, https:\/\/sysdil.es\/wp-content\/uploads\/2023\/07\/IMG-20200529-WA0020-1024x768-1-600x450.webp 600w, https:\/\/sysdil.es\/wp-content\/uploads\/2023\/07\/IMG-20200529-WA0020-1024x768-1-800x600.webp 800w, https:\/\/sysdil.es\/wp-content\/uploads\/2023\/07\/IMG-20200529-WA0020-1024x768-1.webp 1024w\" data-sizes=\"auto\" data-orig-sizes=\"(max-width: 1024px) 100vw, (max-width: 800px) 100vw, 1024px\" title=\"\" data-orig-><div class=\"awb-imageframe-caption-container\"><div class=\"awb-imageframe-caption\"><h2 class=\"awb-imageframe-caption-title\">VERDECORA<\/h2><\/div><\/div><\/a><\/span><\/div><\/div><\/li>\n<li class=\"fusion-layout-column fusion_builder_column fusion-builder-column-26 fusion-flex-column post-card fusion-grid-column fusion-post-cards-grid-column contagem-de-pessoas loja-de-ferramentas\" style=\"--awb-bg-size:cover;--awb-flex-grow:0;--awb-flex-shrink:0;--awb-flex-grow-medium:0;--awb-flex-shrink-medium:0;--awb-flex-grow-small:0;--awb-flex-shrink-small:0;\"><div class=\"fusion-column-wrapper fusion-flex-justify-content-flex-start fusion-content-layout-column\"><div class=\"fusion-image-element \" style=\"--awb-aspect-ratio:1 \/ 1;--awb-margin-bottom:10px;--awb-caption-title-font-family:var(--h2_typography-font-family);--awb-caption-title-font-weight:var(--h2_typography-font-weight);--awb-caption-title-font-style:var(--h2_typography-font-style);--awb-caption-title-size:14px;--awb-caption-title-transform:var(--h2_typography-text-transform);--awb-caption-title-line-height:var(--h2_typography-line-height);--awb-caption-title-letter-spacing:var(--h2_typography-letter-spacing);\"><span class=\" fusion-imageframe imageframe-none imageframe-26 awb-imageframe-style awb-imageframe-style-navin has-aspect-ratio\"><a class=\"fusion-no-lightbox\" href=\"https:\/\/sysdil.es\/pt-pt\/bauhaus-2\/\" target=\"_self\" aria-label=\"bauhaus-portada\"><img decoding=\"async\" width=\"960\" height=\"446\" alt=\"EMBARGOS A LO BESTIA\" src=\"https:\/\/sysdil.es\/wp-content\/uploads\/2023\/07\/bauhaus-portada.webp\" data-orig-src=\"https:\/\/sysdil.es\/wp-content\/uploads\/2023\/07\/bauhaus-portada.webp\" class=\"lazyload img-responsive wp-image-96979 img-with-aspect-ratio\" data-parent-fit=\"cover\" data-parent-container=\".fusion-image-element\" srcset=\"data:image\/svg+xml,%3Csvg%20xmlns%3D%27http%3A%2F%2Fwww.w3.org%2F2000%2Fsvg%27%20width%3D%27960%27%20height%3D%27446%27%20viewBox%3D%270%200%20960%20446%27%3E%3Crect%20width%3D%27960%27%20height%3D%27446%27%20fill-opacity%3D%220%22%2F%3E%3C%2Fsvg%3E\" data-srcset=\"https:\/\/sysdil.es\/wp-content\/uploads\/2023\/07\/bauhaus-portada-200x93.webp 200w, https:\/\/sysdil.es\/wp-content\/uploads\/2023\/07\/bauhaus-portada-400x186.webp 400w, https:\/\/sysdil.es\/wp-content\/uploads\/2023\/07\/bauhaus-portada-600x279.webp 600w, https:\/\/sysdil.es\/wp-content\/uploads\/2023\/07\/bauhaus-portada-800x372.webp 800w, https:\/\/sysdil.es\/wp-content\/uploads\/2023\/07\/bauhaus-portada.webp 960w\" data-sizes=\"auto\" data-orig-sizes=\"(max-width: 1024px) 100vw, (max-width: 800px) 100vw, 960px\" title=\"\" data-orig-><div class=\"awb-imageframe-caption-container\"><div class=\"awb-imageframe-caption\"><h2 class=\"awb-imageframe-caption-title\">BAUHAUS<\/h2><\/div><\/div><\/a><\/span><\/div><\/div><\/li>\n<li class=\"fusion-layout-column fusion_builder_column fusion-builder-column-27 fusion-flex-column post-card fusion-grid-column fusion-post-cards-grid-column contagem-de-pessoas moda-e-acessorios\" style=\"--awb-bg-size:cover;--awb-flex-grow:0;--awb-flex-shrink:0;--awb-flex-grow-medium:0;--awb-flex-shrink-medium:0;--awb-flex-grow-small:0;--awb-flex-shrink-small:0;\"><div class=\"fusion-column-wrapper fusion-flex-justify-content-flex-start fusion-content-layout-column\"><div class=\"fusion-image-element \" style=\"--awb-aspect-ratio:1 \/ 1;--awb-margin-bottom:10px;--awb-caption-title-font-family:var(--h2_typography-font-family);--awb-caption-title-font-weight:var(--h2_typography-font-weight);--awb-caption-title-font-style:var(--h2_typography-font-style);--awb-caption-title-size:14px;--awb-caption-title-transform:var(--h2_typography-text-transform);--awb-caption-title-line-height:var(--h2_typography-line-height);--awb-caption-title-letter-spacing:var(--h2_typography-letter-spacing);\"><span class=\" fusion-imageframe imageframe-none imageframe-27 awb-imageframe-style awb-imageframe-style-navin has-aspect-ratio\"><a class=\"fusion-no-lightbox\" href=\"https:\/\/sysdil.es\/pt-pt\/canada-house\/\" target=\"_self\" aria-label=\"canada-hosue-collblanc\"><img decoding=\"async\" width=\"250\" height=\"300\" alt=\"Collblanc (Barcelona)\" src=\"https:\/\/sysdil.es\/wp-content\/uploads\/2023\/06\/canada-hosue-collblanc.webp\" data-orig-src=\"https:\/\/sysdil.es\/wp-content\/uploads\/2023\/06\/canada-hosue-collblanc.webp\" class=\"lazyload img-responsive wp-image-97171 img-with-aspect-ratio\" data-parent-fit=\"cover\" data-parent-container=\".fusion-image-element\" srcset=\"data:image\/svg+xml,%3Csvg%20xmlns%3D%27http%3A%2F%2Fwww.w3.org%2F2000%2Fsvg%27%20width%3D%27250%27%20height%3D%27300%27%20viewBox%3D%270%200%20250%20300%27%3E%3Crect%20width%3D%27250%27%20height%3D%27300%27%20fill-opacity%3D%220%22%2F%3E%3C%2Fsvg%3E\" data-srcset=\"https:\/\/sysdil.es\/wp-content\/uploads\/2023\/06\/canada-hosue-collblanc-200x240.webp 200w, https:\/\/sysdil.es\/wp-content\/uploads\/2023\/06\/canada-hosue-collblanc.webp 250w\" data-sizes=\"auto\" data-orig-sizes=\"(max-width: 1024px) 100vw, (max-width: 800px) 100vw, 250px\" title=\"\" data-orig-><div class=\"awb-imageframe-caption-container\"><div class=\"awb-imageframe-caption\"><h2 class=\"awb-imageframe-caption-title\">CANADA HOUSE<\/h2><\/div><\/div><\/a><\/span><\/div><\/div><\/li>\n<li class=\"fusion-layout-column fusion_builder_column fusion-builder-column-28 fusion-flex-column post-card fusion-grid-column fusion-post-cards-grid-column antifurto contagem-de-pessoas loja-de-moda moda-e-acessorios\" style=\"--awb-bg-size:cover;--awb-flex-grow:0;--awb-flex-shrink:0;--awb-flex-grow-medium:0;--awb-flex-shrink-medium:0;--awb-flex-grow-small:0;--awb-flex-shrink-small:0;\"><div class=\"fusion-column-wrapper fusion-flex-justify-content-flex-start fusion-content-layout-column\"><div class=\"fusion-image-element \" style=\"--awb-aspect-ratio:1 \/ 1;--awb-margin-bottom:10px;--awb-caption-title-font-family:var(--h2_typography-font-family);--awb-caption-title-font-weight:var(--h2_typography-font-weight);--awb-caption-title-font-style:var(--h2_typography-font-style);--awb-caption-title-size:14px;--awb-caption-title-transform:var(--h2_typography-text-transform);--awb-caption-title-line-height:var(--h2_typography-line-height);--awb-caption-title-letter-spacing:var(--h2_typography-letter-spacing);\"><span class=\" fusion-imageframe imageframe-none imageframe-28 awb-imageframe-style awb-imageframe-style-navin has-aspect-ratio\"><a class=\"fusion-no-lightbox\" href=\"https:\/\/sysdil.es\/pt-pt\/tuc-tuc\/\" target=\"_self\" aria-label=\"tuctuc-MALAGA\"><img decoding=\"async\" width=\"250\" height=\"300\" alt=\"TUC TUC M\u00e1laga\" src=\"https:\/\/sysdil.es\/wp-content\/uploads\/2023\/06\/tuctuc-MALAGA.webp\" data-orig-src=\"https:\/\/sysdil.es\/wp-content\/uploads\/2023\/06\/tuctuc-MALAGA.webp\" class=\"lazyload img-responsive wp-image-97181 img-with-aspect-ratio\" data-parent-fit=\"cover\" data-parent-container=\".fusion-image-element\" srcset=\"data:image\/svg+xml,%3Csvg%20xmlns%3D%27http%3A%2F%2Fwww.w3.org%2F2000%2Fsvg%27%20width%3D%27250%27%20height%3D%27300%27%20viewBox%3D%270%200%20250%20300%27%3E%3Crect%20width%3D%27250%27%20height%3D%27300%27%20fill-opacity%3D%220%22%2F%3E%3C%2Fsvg%3E\" data-srcset=\"https:\/\/sysdil.es\/wp-content\/uploads\/2023\/06\/tuctuc-MALAGA-200x240.webp 200w, https:\/\/sysdil.es\/wp-content\/uploads\/2023\/06\/tuctuc-MALAGA.webp 250w\" data-sizes=\"auto\" data-orig-sizes=\"(max-width: 1024px) 100vw, (max-width: 800px) 100vw, 250px\" title=\"\" data-orig-><div class=\"awb-imageframe-caption-container\"><div class=\"awb-imageframe-caption\"><h2 class=\"awb-imageframe-caption-title\">TUC TUC<\/h2><\/div><\/div><\/a><\/span><\/div><\/div><\/li>\n<\/ul><div class=\"pagination clearfix\"><\/div><div class=\"fusion-clearfix\"><\/div><\/div><div class=\"fusion-separator fusion-full-width-sep\" style=\"align-self: center;margin-left: auto;margin-right: auto;margin-bottom:3%;width:100%;\"><\/div><\/div><\/div><\/div><\/div><div class=\"fusion-fullwidth fullwidth-box fusion-builder-row-2 fusion-flex-container has-pattern-background has-mask-background fusion-parallax-none nonhundred-percent-fullwidth non-hundred-percent-height-scrolling lazyload\" style=\"--awb-background-position:right top;--awb-border-radius-top-left:0px;--awb-border-radius-top-right:0px;--awb-border-radius-bottom-right:0px;--awb-border-radius-bottom-left:0px;--awb-padding-top:6%;--awb-padding-bottom:6%;--awb-padding-top-small:60px;--awb-padding-bottom-small:60px;--awb-background-color:#060607;--awb-background-image:linear-gradient(90deg, var(--awb-color5) 32%,rgba(6,6,7,0) 76%);;--awb-background-size:cover;--awb-flex-wrap:wrap;\" data-bg=\"https:\/\/sysdil.es\/wp-content\/uploads\/2024\/05\/callportada.png\" data-bg-gradient=\"linear-gradient(90deg, var(--awb-color5) 32%,rgba(6,6,7,0) 76%)\" ><div class=\"fusion-builder-row fusion-row fusion-flex-align-items-flex-start fusion-flex-content-wrap\" style=\"max-width:calc( 1325px + 0px );margin-left: calc(-0px \/ 2 );margin-right: calc(-0px \/ 2 );\"><div class=\"fusion-layout-column fusion_builder_column fusion-builder-column-29 fusion_builder_column_2_3 2_3 fusion-flex-column fusion-animated\" style=\"--awb-bg-size:cover;--awb-width-large:66.666666666667%;--awb-flex-grow:0;--awb-flex-shrink:0;--awb-margin-top-large:0px;--awb-spacing-right-large:0px;--awb-margin-bottom-large:20px;--awb-spacing-left-large:0px;--awb-width-medium:100%;--awb-flex-grow-medium:0;--awb-flex-shrink-medium:0;--awb-spacing-right-medium:0px;--awb-spacing-left-medium:0px;--awb-width-small:100%;--awb-flex-grow-small:0;--awb-flex-shrink-small:0;--awb-spacing-right-small:0px;--awb-spacing-left-small:0px;\" data-animationType=\"fadeInLeft\" data-animationDuration=\"1.0\" data-animationOffset=\"top-into-view\"><div class=\"fusion-column-wrapper fusion-column-has-shadow fusion-flex-justify-content-flex-start fusion-content-layout-column\"><div class=\"fusion-title title fusion-title-1 fusion-sep-none fusion-title-text fusion-title-size-two\" style=\"--awb-text-color:var(--awb-color2);--awb-margin-bottom:20px;--awb-margin-top-small:0px;--awb-margin-right-small:0px;--awb-margin-bottom-small:20px;--awb-margin-left-small:0px;--awb-font-size:28px;\"><h2 class=\"fusion-title-heading title-heading-left fusion-responsive-typography-calculated\" style=\"margin:0;font-size:1em;--fontSize:28;line-height:var(--awb-typography1-line-height);\">Otimize seu neg\u00f3cio!<\/h2><\/div><div class=\"fusion-title title fusion-title-2 fusion-sep-none fusion-title-text fusion-title-size-three\" style=\"--awb-text-color:var(--awb-color1);--awb-margin-bottom:10px;--awb-margin-top-small:0px;--awb-margin-right-small:0px;--awb-margin-bottom-small:20px;--awb-margin-left-small:0px;--awb-font-size:28px;\"><h3 class=\"fusion-title-heading title-heading-left fusion-responsive-typography-calculated\" style=\"margin:0;font-size:1em;--fontSize:28;line-height:1.43;\"><p>Sistema de <strong>Contagem e Controle de Capacidade, tempo m\u00e9dio de perman\u00eancia, capacidade m\u00e9dia e estat\u00edsticas<\/strong> para melhor gerenciar e entender seu p\u00fablico.<\/p>\n<p><strong>Tome decis\u00f5es inteligentes hoje!<\/strong><\/p><\/h3><\/div><div style=\"text-align:left;\"><a class=\"fusion-button button-flat button-xlarge button-custom fusion-button-default button-1 fusion-button-default-span fusion-button-default-type\" style=\"--awb-margin-top:20px;--awb-margin-bottom:20px;--button_accent_color:var(--awb-color1);--button_accent_hover_color:var(--awb-color1);--button_border_hover_color:var(--awb-color4);--button_border_width-top:3px;--button_border_width-right:3px;--button_border_width-bottom:3px;--button_border_width-left:3px;--button_gradient_top_color:rgba(213,212,215,0);--button_gradient_bottom_color:rgba(213,212,215,0);--button_gradient_top_color_hover:var(--awb-color4);--button_gradient_bottom_color_hover:var(--awb-color4);\" target=\"_self\" title=\" Vamos analisar seu projeto?\" aria-label=\" Vamos analisar seu projeto?\" href=\"\/pt-pt\/contate-nos\/\"><span class=\"fusion-button-text awb-button__text awb-button__text--default\"> Vamos analisar seu projeto?<\/span><\/a><\/div><\/div><\/div><\/div><\/div><\/p>\n","protected":false},"excerpt":{"rendered":"","protected":false},"author":1,"featured_media":96908,"parent":0,"menu_order":0,"comment_status":"closed","ping_status":"closed","template":"100-width.php","meta":{"footnotes":""},"class_list":["post-97611","page","type-page","status-publish","has-post-thumbnail","hentry"],"_links":{"self":[{"href":"https:\/\/sysdil.es\/pt-pt\/wp-json\/wp\/v2\/pages\/97611","targetHints":{"allow":["GET"]}}],"collection":[{"href":"https:\/\/sysdil.es\/pt-pt\/wp-json\/wp\/v2\/pages"}],"about":[{"href":"https:\/\/sysdil.es\/pt-pt\/wp-json\/wp\/v2\/types\/page"}],"author":[{"embeddable":true,"href":"https:\/\/sysdil.es\/pt-pt\/wp-json\/wp\/v2\/users\/1"}],"replies":[{"embeddable":true,"href":"https:\/\/sysdil.es\/pt-pt\/wp-json\/wp\/v2\/comments?post=97611"}],"version-history":[{"count":4,"href":"https:\/\/sysdil.es\/pt-pt\/wp-json\/wp\/v2\/pages\/97611\/revisions"}],"predecessor-version":[{"id":97714,"href":"https:\/\/sysdil.es\/pt-pt\/wp-json\/wp\/v2\/pages\/97611\/revisions\/97714"}],"wp:featuredmedia":[{"embeddable":true,"href":"https:\/\/sysdil.es\/pt-pt\/wp-json\/wp\/v2\/media\/96908"}],"wp:attachment":[{"href":"https:\/\/sysdil.es\/pt-pt\/wp-json\/wp\/v2\/media?parent=97611"}],"curies":[{"name":"wp","href":"https:\/\/api.w.org\/{rel}","templated":true}]}}